{"id":344,"date":"2019-08-21T13:25:35","date_gmt":"2019-08-21T13:25:35","guid":{"rendered":"http:\/\/www.elkatherm-benelux.be\/?page_id=344"},"modified":"2025-12-04T14:41:31","modified_gmt":"2025-12-04T14:41:31","slug":"radiateurs-electriques-standard-gamme-s","status":"publish","type":"page","link":"https:\/\/www.elkatherm-benelux.eu\/blog\/produits\/radiateurs-electriques-standard-gamme-s\/","title":{"rendered":"Radiateurs \u00e9lectriques standard &#8211; La gamme S"},"content":{"rendered":"\r\n\r\n\r\n<img decoding=\"async\" class=\"product-title-img\" src=\"https:\/\/www.elkatherm-benelux.eu\/blog\/wp-content\/uploads\/2025\/12\/baniere-elka-games-2.jpg\" alt=\"La gamme S\">\r\n<div id=\"products-menu\" class=\"products-menu\">\r\n    <div>\r\n        <a id=\"pr-menu-overv\" href=\"https:\/\/www.elkatherm-benelux.eu\/blog\/produits\/\" title=\"Produits Elkatherm\">Aper\u00e7u<\/a>\r\n        <a id=\"pr-menu-sk\" href=\"https:\/\/www.elkatherm-benelux.eu\/blog\/produits\/radiateur-plinthe-gamme-sk\/\" title=\"Radiateur plinthe\">Gamme SK<\/a>\r\n        <a id=\"pr-menu-sn\" href=\"https:\/\/www.elkatherm-benelux.eu\/blog\/produits\/chauffage-peu-encombrant-gamme-sn\/\" title=\"Chauffages \u00e9lectriques peu encombrants pour espaces exigus\">Gamme SN<\/a>\r\n        <a id=\"pr-menu-s\" href=\"https:\/\/www.elkatherm-benelux.eu\/blog\/produits\/radiateurs-electriques-standard-gamme-s\/\" title=\"Radiateurs \u00e9lectriques standard pour locaux spacieux\">Gamme S<\/a>\r\n        <a id=\"pr-menu-sd\" href=\"https:\/\/www.elkatherm-benelux.eu\/blog\/produits\/chauffages-electriques-compacts-gamme-sd\/\" title=\"Chauffages \u00e9lectriques compacts pour locaux volumineux\">Gamme SD<\/a>\r\n        <a id=\"pr-menu-sl\" href=\"https:\/\/www.elkatherm-benelux.eu\/blog\/produits\/radiateurs-verticaux-gamme-sl\/\" title=\"Radiateurs verticaux pour salle de bain\">Gamme SL<\/a>\r\n        <a id=\"pr-menu-options\" href=\"https:\/\/www.elkatherm-benelux.eu\/blog\/produits\/options\/regulations\/\" title=\"Options pour radiateurs \u00e9lectriques Elkatherm\">Options<\/a>\r\n    <\/div>        \r\n<\/div>\r\n \r\n<!-- Script pour indication menu section active (ajout classe fond orange): -->\r\n<script>\r\n    window.onload = function showActive() {\r\n        var element = document.getElementById(\"pr-menu-s\");\r\n        element.classList.add(\"active-options-menu\");\r\n    }      \r\n    let timeout;\r\n    function myFunction() {\r\n      timeout = setTimeout(activateMenu, 500);\r\n    }\r\n    function activateMenu() {      \r\n        var element = document.getElementById(\"pr-menu-s\");\r\n        element.classList.add(\"active-options-menu\");\r\n    }\r\n    myFunction();\r\n<\/script>     \r\n<div class=\"prod-present\">\r\n    <div class=\"prod-img\">\r\n        \t\t\t\t\t\t<style>\r\n\t\t\t\t\r\n\t\t\t\t\t#tab_container_4209 {\r\n\toverflow:hidden;\r\n\tdisplay:block;\r\n\twidth:100%;\r\n\tborder:0px solid #ddd;\r\n\tmargin-bottom:30px;\r\n\t}\r\n\r\n#tab_container_4209 .tab-content{\r\n\tpadding:20px;\r\n\tborder: 1px solid #e6e6e6 !important;\r\n\tmargin-top: 0px;\r\n\tbackground-color:#ffffff !important;\r\n\tcolor: #000000 !important;\r\n\tfont-size:16px !important;\r\n\tfont-family: Open Sans !important;\r\n\t\r\n\t\tborder: 1px solid #e6e6e6 !important;\r\n\t}\r\n#tab_container_4209 .wpsm_nav-tabs {\r\n    border-bottom: 0px solid #ddd;\r\n}\r\n#tab_container_4209 .wpsm_nav-tabs > li.active > a, #tab_container_4209 .wpsm_nav-tabs > li.active > a:hover, #tab_container_4209 .wpsm_nav-tabs > li.active > a:focus {\r\n\tcolor: #000000 !important;\r\n\tcursor: default;\r\n\tbackground-color: #ffffff !important;\r\n\tborder: 1px solid #e6e6e6 !important;\r\n}\r\n\r\n#tab_container_4209 .wpsm_nav-tabs > li > a {\r\n    margin-right: 0px !important; \r\n    line-height: 1.42857143 !important;\r\n    border: 1px solid #d5d5d5 !important;\r\n    border-radius: 0px 0px 0 0 !important; \r\n\tbackground-color: #e8e8e8 !important;\r\n\tcolor: #000000 !important;\r\n\tpadding: 15px 18px 15px 18px !important;\r\n\ttext-decoration: none !important;\r\n\tfont-size: 14px !important;\r\n\ttext-align:center !important;\r\n\tfont-family: Open Sans !important;\r\n}\r\n#tab_container_4209 .wpsm_nav-tabs > li > a:focus {\r\noutline: 0px !important;\r\n}\r\n\r\n#tab_container_4209 .wpsm_nav-tabs > li > a:before {\r\n\tdisplay:none !important;\r\n}\r\n#tab_container_4209 .wpsm_nav-tabs > li > a:after {\r\n\tdisplay:none !important ;\r\n}\r\n#tab_container_4209 .wpsm_nav-tabs > li{\r\npadding:0px !important ;\r\nmargin:0px;\r\n}\r\n\r\n#tab_container_4209 .wpsm_nav-tabs > li > a:hover , #tab_container_4209 .wpsm_nav-tabs > li > a:focus {\r\n    color: #000000 !important;\r\n    background-color: #e8e8e8 !important;\r\n\tborder: 1px solid #d5d5d5 !important;\r\n\t\r\n}\r\n#tab_container_4209 .wpsm_nav-tabs > li > a .fa{\r\n\r\nmargin-right:5px !important;\r\n\r\nmargin-left:5px !important;\r\n\r\n\r\n}\r\n\r\n\t\t#tab_container_4209 .wpsm_nav-tabs a{\r\n\t\t\tbackground-image: none;\r\n\t\t\tbackground-position: 0 0;\r\n\t\t\tbackground-repeat: repeat-x;\r\n\t\t}\r\n\t\t\t\r\n\r\n\r\n#tab_container_4209 .wpsm_nav-tabs > li {\r\n    float: left;\r\n    margin-bottom: -1px !important;\r\n\tmargin-right:0px !important; \r\n}\r\n\r\n\r\n#tab_container_4209 .tab-content{\r\noverflow:hidden !important;\r\n}\r\n\r\n\r\n@media (min-width: 769px) {\r\n\r\n\t#tab_container_4209 .wpsm_nav-tabs > li{\r\n\t\tfloat:left !important ;\r\n\t\t\t\tmargin-right:-1px !important;\r\n\t\t\t\t\t}\r\n\t#tab_container_4209 .wpsm_nav-tabs{\r\n\t\tfloat:none !important;\r\n\t\tmargin:0px !important;\r\n\t}\r\n\r\n\t#tab_container_4209 .wpsm_nav-tabs > li {\r\n\t\t\t\t\r\n\t}\r\n\t#tab_container_4209 .wpsm_nav{\r\n\t\t\t}\r\n\r\n}\r\n\r\n\r\n\r\n@media (max-width: 768px) {\r\n\t#tab_container_4209 .wpsm_nav-tabs > li {\r\n\t\t\t\t\r\n\t}\r\n\t#tab_container_4209 .wpsm_nav{\r\n\t\t\t}\r\n}\r\n\r\n\r\n\t.wpsm_nav-tabs li:before{\r\n\t\tdisplay:none !important;\r\n\t}\r\n\r\n\t@media (max-width: 768px) {\r\n\t\t\t\t\r\n\t\t\t\t\t\r\n\t\t\t#tab_container_4209 .wpsm_nav-tabs  li  a  i{\r\n\t\t\t\tdisplay: none !important;\r\n\t\t\t}\r\n\t\t\t\r\n\t\t\t\t.wpsm_nav-tabs{\r\n\t\t\tmargin-left:0px !important;\r\n\t\t\tmargin-right:0px !important; \r\n\t\t\t\r\n\t\t}\r\n\t\t\t\t\t\r\n\t\t\t#tab_container_4209 .wpsm_nav-tabs > li {\r\n\t\t\t\t\t\t\r\n\t\t\t}\r\n\t\t\t\r\n\t\t\t\t\t\t\r\n\t\t\t\r\n\t}\t\t\t\t<\/style>\r\n\t\t\t\t<div id=\"tab_container_4209\" >\r\n\t \r\n\t\t\t\t\t<ul class=\"wpsm_nav wpsm_nav-tabs\" role=\"tablist\" id=\"myTab_4209\">\r\n\t\t\t\t\t\t\t\r\n\t\t\t\t\t\t\t<li role=\"presentation\"  class=\"active\"  onclick=\"do_resize()\">\r\n\t\t\t\t\t\t\t\t<a href=\"#tabs_desc_4209_1\" aria-controls=\"tabs_desc_4209_1\" role=\"tab\" data-toggle=\"tab\">\r\n\t\t\t\t\t\t\t\t\t\r\n\t\t\t\t\t\t\t\t\t\t\t\t\t\t\t\t\t\t\t\t\t\t\t\t\t\t\t\t\r\n\t\t\t\t\t\t\t\t\t\t\t\t\t\t\t\t\t\t\r\n\t\t\t\t\t\t\t\t\t<span>S\u00a050 \u00a0S\u00a081\u00a0<\/span>\r\n\t\t\t\t\t\t\t\t\t\r\n\t\t\t\t\t\t\t\t\t\t\t\t\t\t\t\t\t\t\r\n\t\t\t\t\t\t\t\t\t\t\t\t\t\t\t\t\t\t\t\t\r\n\t\t\t\t\t\t\t\t\t\r\n\t\t\t\t\t\t\t\t<\/a>\r\n\t\t\t\t\t\t\t<\/li>\r\n\t\t\t\t\t\t\t\t\t\t\t <\/ul>\r\n\r\n\t\t\t\t\t  <!-- Tab panes -->\r\n\t\t\t\t\t  <div class=\"tab-content\" id=\"tab-content_4209\">\r\n\t\t\t\t\t\t\t\t\t\t\t\t <div role=\"tabpanel\" class=\"tab-pane  in active \" id=\"tabs_desc_4209_1\">\r\n\t\t\t\t\t\t\t\t<figure class=\"wp-block-image tabs\">\r\n    <img decoding=\"async\" src=\"https:\/\/www.elkatherm-benelux.eu\/radiateur-electrique-s50-s81\" alt=\"radiateur \u00e9lectrique S 50 \/ S 81\">\r\n    <figcaption>\r\n        Radiateur \u00e9lectrique Elkatherm S 50<br>\r\n        <small>Puissance : 500 W - Epaisseur : 8 cm - Capacit\u00e9 de chauffe : 12 m\u00b3 <span class=\"highlight\">*<\/span><\/small><br>\r\n        Radiateur \u00e9lectrique Elkatherm S 81<br>\r\n        <small>Puissance : 800 W - Epaisseur : 8 cm - Capacit\u00e9 de chauffe : 20 m\u00b3 <span class=\"highlight\">*<\/span><\/small>\r\n    <\/figcaption>\r\n<\/figure>\t\t\t\t\t\t <\/div>\r\n\t\t\t\t\t\t\t\r\n\t\t\t\t\t <\/div>\r\n\t\t\t\t\t \r\n\t\t\t\t <\/div>\r\n <script>\r\n\t\tjQuery(function () {\r\n\t\t\tjQuery('#myTab_4209 a:first').tab('show')\r\n\t\t});\r\n\t\t\r\n\t\t\t\tjQuery(function(){\r\n\t\t\tvar b=\"fadeIn\";\r\n\t\t\tvar c;\r\n\t\t\tvar a;\r\n\t\t\td(jQuery(\"#myTab_4209 a\"),jQuery(\"#tab-content_4209\"));function d(e,f,g){\r\n\t\t\t\te.click(function(i){\r\n\t\t\t\t\ti.preventDefault();\r\n\t\t\t\t\tjQuery(this).tab(\"show\");\r\n\t\t\t\t\tvar h=jQuery(this).data(\"easein\");\r\n\t\t\t\t\tif(c){c.removeClass(a);}\r\n\t\t\t\t\tif(h){f.find(\"div.active\").addClass(\"animated \"+h);a=h;}\r\n\t\t\t\t\telse{if(g){f.find(\"div.active\").addClass(\"animated \"+g);a=g;}else{f.find(\"div.active\").addClass(\"animated \"+b);a=b;}}c=f.find(\"div.active\");\r\n\t\t\t\t});\r\n\t\t\t}\r\n\t\t});\r\n\t\t\r\n\r\n\t\tfunction do_resize(){\r\n\r\n\t\t\tvar width=jQuery( '.tab-content .tab-pane iframe' ).width();\r\n\t\t\tvar height=jQuery( '.tab-content .tab-pane iframe' ).height();\r\n\r\n\t\t\tvar toggleSize = true;\r\n\t\t\tjQuery('iframe').animate({\r\n\t\t\t    width: toggleSize ? width : 640,\r\n\t\t\t    height: toggleSize ? height : 360\r\n\t\t\t  }, 250);\r\n\r\n\t\t\t  toggleSize = !toggleSize;\r\n\t\t}\r\n\r\n\r\n\t<\/script>\r\n\t\t\t\t\r\n\t\t\t\r\n        <p><small><span class=\"highlight\">*<\/span> Le volume sp\u00e9cifi\u00e9 est calcul\u00e9 avec une bonne isolation, <a href=\"..\/..\/contactez-nous\/\" title=\"Formulaire de contact\">nous contacter<\/a> pour confirmer.<\/small><\/p>             \r\n    <\/div>\r\n    <div class=\"prod-descr\">\r\n        <div>\r\n            <h2>D\u00e9couvrez la gamme des radiateurs \u00e0 inertie standard<\/h2>\r\n            <p>D\u00e9couvrez le classique d&rsquo;Elkatherm, le <strong>radiateur \u00e9lectrique \u00e9conomique<\/strong> de la gamme S vous offre une chaleur douce et homog\u00e8ne tout en s&rsquo;adaptant \u00e0 la majorit\u00e9 de vos pi\u00e8ces. Cette gamme polyvalente peut \u00eatre utilis\u00e9e comme chauffage principal ou auxiliaire. En continuant de chauffer sans consommer d&rsquo;\u00e9lectricit\u00e9, ce type de radiateur vous permet de r\u00e9aliser de r\u00e9elles <strong>\u00e9conomies d&rsquo;\u00e9nergie<\/strong> tout en vous offrant un confort thermique in\u00e9gal\u00e9 ! Son installation rapide et simple ne n\u00e9cessite pas de gros travaux et vous \u00e9vite des co\u00fbts suppl\u00e9mentaires. <\/p>\r\n            <h3>Types de commande : <\/h3>\r\n<ul>\r\n    <li>Par thermostat int\u00e9gr\u00e9 au radiateur, manuel <strong><a href=\"options\/regulations#505\" title=\"Thermostat int\u00e9gr\u00e9 manuel\">505<\/a><\/strong> ou programmable <strong><a href=\"options\/regulations#520\" title=\"Thermostat int\u00e9gr\u00e9 programmable\">520<\/a><\/strong>.<\/li>\r\n                \r\n    <li>Par thermostat d\u00e9port\u00e9 sans fil manuel <strong><a href=\"options\/regulations#716\" title=\"Thermostat externe sans fil manuel\">716<\/a><\/strong> (en option) ou programmable <strong><a href=\"options\/regulations-#712\" title=\"Thermostat externe sans fil programmable\">712<\/a><\/strong> (en option) combin\u00e9 avec un r\u00e9cepteur s\u00e9par\u00e9 <strong><a href=\"options\/regulations-#714\" title=\"R\u00e9cepteur sans fil s\u00e9par\u00e9\">714<\/a><\/strong> ou r\u00e9cepteur int\u00e9gr\u00e9 <strong><a href=\"options\/regulations-#707\" title=\"R\u00e9cepteur sans fil int\u00e9gr\u00e9\">707<\/a><\/strong> par radiateur, en option routeur sans fil <strong><a href=\"options\/regulations#702\" title=\"Routeur sans fil\">702<\/a><\/strong> pour commande via smartphone, tablette etc.<\/li>\r\n    <li>Par thermostat tout-en-un <strong><a href=\"options\/regulations#530\" title=\"thermostat tout-en-un\">530<\/a><\/strong> : commande au choix via simple thermostat int\u00e9gr\u00e9, thermostat d\u00e9port\u00e9 ou application smartphone<\/li>\r\n\r\n    <li>Pour le mod\u00e8le <strong><a href=\"options\/regulations#regulat\" title=\"Thermostat externe sans fil\">504<\/a><\/strong> par c\u00e2blage filaire vers coffret ou autres solutions,  pas de thermostat ou r\u00e9cepteur int\u00e9gr\u00e9 au radiateur.<\/li>\r\n<\/ul>\r\n        <\/div>        \r\n    <\/div>            \r\n<\/div>           \r\n<div class=\"regul-illu\">\r\n    <div class=\"responsive\">\r\n        <div class=\"gallery\">\r\n            <a href=\"options\/regulations#505\">\r\n                <figure>\r\n                    <img decoding=\"async\" src=\"https:\/\/www.elkatherm-benelux.eu\/blog\/regulation-radiateur-505\/\" alt=\"R\u00e9gulation radiateur 505\" width=\"150\" height=\"150\">\r\n                    \r\n                    <figcaption>Thermostat int\u00e9gr\u00e9&nbsp;505<\/figcaption>\r\n                <\/figure>            \r\n            <\/a>\r\n        <\/div>\r\n    <\/div>\r\n    <div class=\"responsive\">\r\n        <div class=\"gallery\">\r\n            <a href=\"options\/regulations#520\">\r\n                <figure>\r\n                    <img decoding=\"async\" src=\"https:\/\/www.elkatherm-benelux.eu\/blog\/regulation-radiateur-520\/\" alt=\"Thermostat programmable int\u00e9gr\u00e9\" width=\"150\" height=\"150\">\r\n                    \r\n                    <figcaption>Thermostat digital int\u00e9gr\u00e9&nbsp;520<\/figcaption>\r\n                <\/figure>            \r\n            <\/a>\r\n        <\/div>\r\n    <\/div>\r\n    <div class=\"responsive\">\r\n        <div class=\"gallery\">\r\n            <a href=\"options\/regulations#530\">\r\n                <figure>\r\n                    <img decoding=\"async\" src=\"https:\/\/www.elkatherm-benelux.eu\/blog\/eComfort-530\/\" alt=\"Thermostat tout-en-un\" width=\"150\" height=\"150\">\r\n                    \r\n                    <figcaption>Thermostat<br>tout-en-un 530<\/figcaption>\r\n                <\/figure>            \r\n            <\/a>\r\n        <\/div>\r\n    <\/div>\r\n    <div class=\"responsive\">\r\n        <div class=\"gallery\">\r\n            <a href=\"options\/regulations#716\">\r\n                <figure>\r\n                    <img decoding=\"async\" src=\"https:\/\/www.elkatherm-benelux.eu\/blog\/thermostat-sans-fil-716\/\" alt=\"Thermostat sans fil simple\" width=\"150\" height=\"150\">\r\n                    \r\n                    <figcaption>Thermostat sans&nbsp;fil 716<\/figcaption>\r\n                <\/figure>            \r\n            <\/a>\r\n        <\/div>\r\n    <\/div>\r\n    <div class=\"responsive\">\r\n        <div class=\"gallery\">\r\n            <a href=\"options\/regulations#712\">\r\n                <figure>\r\n                    <img decoding=\"async\" src=\"https:\/\/www.elkatherm-benelux.eu\/blog\/thermostat-sans-fil-712\/\" alt=\"Thermostat sans fil programmable\" width=\"150\" height=\"150\">\r\n                    \r\n                    <figcaption>Thermostat sans fil programm. 712<\/figcaption>\r\n                <\/figure>            \r\n            <\/a>\r\n        <\/div>\r\n    <\/div>\r\n    <div class=\"responsive\">\r\n        <div class=\"gallery\">\r\n            <a href=\"options\/regulations#714\">\r\n                <figure>\r\n                    <img decoding=\"async\" src=\"https:\/\/www.elkatherm-benelux.eu\/blog\/tole-recepteur-714\/\" alt=\"R\u00e9cepteur sans fil 714\" width=\"150\" height=\"150\">\r\n                    \r\n                    <figcaption>R\u00e9cepteur sans fil s\u00e9par\u00e9 714<\/figcaption>\r\n                <\/figure>            \r\n            <\/a>\r\n        <\/div>\r\n    <\/div>\r\n    <div class=\"responsive\">\r\n        <div class=\"gallery\">\r\n            <a href=\"options\/regulations#707\">\r\n                <figure>\r\n                    <img decoding=\"async\" src=\"https:\/\/www.elkatherm-benelux.eu\/blog\/recepteur-707\/\" alt=\"R\u00e9cepteur sans fil 707\" width=\"150\" height=\"150\">\r\n                    \r\n                    <figcaption>R\u00e9cepteur sans fil int\u00e9gr\u00e9 707<\/figcaption>\r\n                <\/figure>            \r\n            <\/a>\r\n        <\/div>\r\n    <\/div>\r\n    <div class=\"responsive\">\r\n        <div class=\"gallery\">\r\n            <a href=\"options\/regulations#702\">\r\n                <figure>\r\n                    <img decoding=\"async\" src=\"https:\/\/www.elkatherm-benelux.eu\/blog\/ELK702-router\/\" alt=\"Routeur sans fil\" width=\"150\" height=\"150\">\r\n                    \r\n                    <figcaption>Routeur sans fil 702<\/figcaption>\r\n                <\/figure>            \r\n            <\/a>\r\n        <\/div>\r\n    <\/div>      \r\n    <div class=\"clearfix\"><\/div>\r\n<\/div>        \r\n \r\n<div class=\"row wp-block-button aligncenter is-style-squared\"><a class=\"wp-block-button__link\" href=\"contactez-nous\/?object=offer\">Commandez votre radiateur<\/a><\/div>    \r\n<h3>Des radiateurs \u00e9conomiques et design <\/h3>\r\n<p>Les <strong>radiateurs design de la gamme S<\/strong> vous offrent de grandes possibilit\u00e9s de personnalisation. Ils s&rsquo;harmonisent \u00e0 merveille \u00e0 vos diff\u00e9rentes pi\u00e8ces. Vous pouvez personnaliser la couleur de vos radiateurs, mais \u00e9galement choisir ses finitions : paroi lisse, en verre ou pintura.<\/p> \r\n<p>Votre radiateur sera amen\u00e9 \u00e0 changer de pi\u00e8ce fr\u00e9quemment ? Nous vous donnons la possibilit\u00e9 d&rsquo;ajouter des roulettes afin de faciliter son transport.\r\n<\/p>\r\n\r\n<h3>Personnalisation<\/h3>\r\n<p><strong><a href=\"options\/pieds\" title=\"Pieds pour radiateur\">Pieds<\/a><\/strong> (avec ou sans roulettes), <strong><a href=\"options\/porte-serviette\" title=\"Porte-serviettes radiateur\">porte-serviettes<\/a><\/strong> (diff\u00e9rents mod\u00e8les), <strong><a href=\"options\/finitions\" title=\"Finition radiateurs\">finition <\/a><\/strong> (paroi lisse, en verre ou pintura), <strong><a  href=\"options\/couleurs\" title=\"Voir le nuancier RAL\">couleur <\/a><\/strong> (voir liste des RAL disponibles).<\/p>         \r\n<div class=\"regul-illu options\">\r\n    <div class=\"responsive\">\r\n        <div class=\"gallery\">\r\n            <a href=\"options\/couleurs\">\r\n                <figure>\r\n                    <img decoding=\"async\" src=\"https:\/\/www.elkatherm-benelux.eu\/blog\/ral\/\" alt=\"Couleur\" width=\"100\" height=\"100\">\r\n                    \r\n                    <figcaption>Couleur<\/figcaption>\r\n                <\/figure>            \r\n            <\/a>\r\n        <\/div>\r\n    <\/div>\r\n    <div class=\"responsive\" style=\"display: none;\">\r\n        <div class=\"gallery\">\r\n            <a href=\"options\/finitions\">\r\n                <figure>\r\n                    <img decoding=\"async\" src=\"https:\/\/www.elkatherm-benelux.eu\/blog\/finition-standard\/\" alt=\"Finition\" width=\"100\" height=\"100\">\r\n                    \r\n                    <figcaption>Finition<br>standard<\/figcaption>\r\n                <\/figure>            \r\n            <\/a>\r\n        <\/div>\r\n    <\/div>\r\n    <div class=\"responsive\">\r\n        <div class=\"gallery\">\r\n            <a href=\"options\/finitions#lisse\">\r\n                <figure>\r\n                    <img decoding=\"async\" src=\"https:\/\/www.elkatherm-benelux.eu\/blog\/radiateur-paroie-lisse\/\" alt=\"Finition\" width=\"100\" height=\"100\">\r\n                    \r\n                    <figcaption>Paroie lisse<\/figcaption>\r\n                <\/figure>            \r\n            <\/a>\r\n        <\/div>\r\n    <\/div>\r\n    <div class=\"responsive\">\r\n        <div class=\"gallery\">\r\n            <a href=\"options\/finitions#pintura\">\r\n                <figure>\r\n                    <img decoding=\"async\" src=\"https:\/\/www.elkatherm-benelux.eu\/blog\/radiateur-paroie-pintura\/\" alt=\"Finition\" width=\"100\" height=\"100\">\r\n                    \r\n                    <figcaption>Paroie pintura<\/figcaption>\r\n                <\/figure>            \r\n            <\/a>\r\n        <\/div>\r\n    <\/div>\r\n    <div class=\"responsive\">\r\n        <div class=\"gallery\">\r\n            <a href=\"options\/finitions#glass\">\r\n                <figure>\r\n                    <img decoding=\"async\" src=\"https:\/\/www.elkatherm-benelux.eu\/blog\/radiateur-paroie-verre\/\" alt=\"Finition\" width=\"100\" height=\"100\">\r\n                    \r\n                    <figcaption>Paroie en verre<\/figcaption>\r\n                <\/figure>            \r\n            <\/a>\r\n        <\/div>\r\n    <\/div>\r\n    <div class=\"responsive\">\r\n        <div class=\"gallery\">\r\n            <a href=\"options\/pieds#support\">\r\n                <figure>\r\n                    <img decoding=\"async\" src=\"https:\/\/www.elkatherm-benelux.eu\/blog\/pieds-support-pour-radiateur-electrique\/\" alt=\"Pieds\" width=\"100\" height=\"100\">\r\n                    \r\n                    <figcaption>Pieds 410<\/figcaption>\r\n                <\/figure>            \r\n            <\/a>\r\n        <\/div>\r\n    <\/div>\r\n    <div class=\"responsive\" style=\"display: none;\">\r\n        <div class=\"gallery\">\r\n            <a href=\"options\/pieds#int\">\r\n                <figure>\r\n                    <img decoding=\"async\" src=\"https:\/\/www.elkatherm-benelux.eu\/blog\/pieds-soutien-radiateur-electrique\/\" alt=\"Pieds\" width=\"100\" height=\"100\">\r\n                    \r\n                    <figcaption>Pieds align\u00e9s<br>int\u00e9rieurement 410IS<\/figcaption>\r\n                <\/figure>            \r\n            <\/a>\r\n        <\/div>\r\n    <\/div>\r\n    <div class=\"responsive\">\r\n        <div class=\"gallery\">\r\n            <a href=\"options\/pieds#wheels\">\r\n                <figure>\r\n                    <img decoding=\"async\" src=\"https:\/\/www.elkatherm-benelux.eu\/blog\/pieds-roulettes-radiateur-electrique\/\" alt=\"Pieds\" width=\"100\" height=\"100\">\r\n                    \r\n                    <figcaption>Pieds \u00e0<br>roulettes 411<\/figcaption>\r\n                <\/figure>            \r\n            <\/a>\r\n        <\/div>\r\n    <\/div>\r\n    <div class=\"responsive\" style=\"display: none;\">\r\n        <div class=\"gallery\">\r\n            <a href=\"options\/porte-serviette#std\">\r\n                <figure>\r\n                    <img decoding=\"async\" src=\"https:\/\/www.elkatherm-benelux.eu\/blog\/porte-serviettes-standard\/\" alt=\"Porte-serviettes\" width=\"100\" height=\"100\">\r\n                    \r\n                    <figcaption>Porte-serviettes<br>Standard<\/figcaption>\r\n                <\/figure>            \r\n            <\/a>\r\n        <\/div>\r\n    <\/div>\r\n    <div class=\"responsive\">\r\n        <div class=\"gallery\">\r\n            <a href=\"options\/porte-serviette#swing\">\r\n                <figure>\r\n                    <img decoding=\"async\" src=\"https:\/\/www.elkatherm-benelux.eu\/blog\/porte-serviettes-swing\/\" alt=\"Porte-serviettes\" width=\"100\" height=\"100\">\r\n                    \r\n                    <figcaption>Porte-serviettes<br>Swing<\/figcaption>\r\n                <\/figure>            \r\n            <\/a>\r\n        <\/div>\r\n    <\/div>\r\n    <div class=\"responsive\" style=\"display: none;\">\r\n        <div class=\"gallery\">\r\n            <a href=\"options\/porte-serviette#swing-inox\">\r\n                <figure>\r\n                    <img decoding=\"async\" src=\"https:\/\/www.elkatherm-benelux.eu\/blog\/porte-serviettes-swing-inox\/\" alt=\"Porte-serviettes\" width=\"100\" height=\"100\">\r\n                    \r\n                    <figcaption>Porte-serviettes<br>Swing Inox<\/figcaption>\r\n                <\/figure>            \r\n            <\/a>\r\n        <\/div>\r\n    <\/div>\r\n    <div class=\"responsive\">\r\n        <div class=\"gallery\">\r\n            <a href=\"options\/porte-serviette#style\">\r\n                <figure>\r\n                    <img decoding=\"async\" src=\"https:\/\/www.elkatherm-benelux.eu\/blog\/porte-serviettes-style\/\" alt=\"Porte-serviettes\" width=\"100\" height=\"100\">\r\n                    \r\n                    <figcaption>Porte-serviettes<br>Style<\/figcaption>\r\n                <\/figure>            \r\n            <\/a>\r\n        <\/div>\r\n    <\/div>\r\n<\/div>\r\n\r\n<h3>Caract\u00e9ristiques techniques<\/h3>\r\n\r\n<div class=\"options-button\">\r\n    <a id=\"bt-dwld\" href=\"https:\/\/www.elkatherm-benelux.eu\/blog\/S-1\" target=\"_blank\" rel=\"noopener noreferrer\" title=\"Fiche technique et options\">\r\n        <div class=\"options-text\"> \r\n            <i class=\"fas fa-file-download\"><\/i><span> <span>T\u00e9l\u00e9charger la fiche technique et liste des options<\/span>\r\n        <\/div>\r\n    <\/a>\r\n<\/div>\r\n\r\n<table class=\"wp-block-table prod-specs\" id=\"carac-gamme\" width=\"100%\">\r\n    <thead>\r\n        <tr>\r\n            <td>Type<\/td><td>Puissance (W)<\/td><td>H \/ L \/ P (cm)<\/td><td>Poids (kg)<\/td><td>Capacit\u00e9 de chauffe max. (m\u00b3)*<\/td>\r\n        <\/tr>\r\n    <\/thead>\r\n    <tbody>                    \r\n        <tr>\r\n            <td>S 50<\/td><td>500<\/td><td>63 \/ 41 \/ 8<\/td><td>19<\/td><td>12<\/td>\r\n        <\/tr>\r\n        <tr>\r\n            <td>S 81<\/td><td>800<\/td><td>63 \/ 41 \/ 8<\/td><td>19<\/td><td>20<\/td>\r\n        <\/tr>\r\n        <tr>\r\n            <td>S 100<\/td><td>1000<\/td><td>63 \/ 68,5 \/ 8<\/td><td>32<\/td><td>25<\/td>\r\n        <\/tr>\r\n        <tr>\r\n            <td>S 120<\/td><td>1200<\/td><td>63 \/ 99 \/ 8<\/td><td>46<\/td><td>30<\/td>\r\n        <\/tr>\r\n        <tr>\r\n            <td>S 160<\/td><td>1600<\/td><td>63 \/ 68,5 \/ 8<\/td><td>32<\/td><td>40<\/td>\r\n        <\/tr>\r\n        <tr>\r\n            <td>S 200<\/td><td>2000<\/td><td>63 \/ 133 \/ 8<\/td><td>58<\/td><td>50<\/td>\r\n        <\/tr>\r\n        <tr>\r\n            <td>S 202<\/td><td>2000<\/td><td>63 \/ 99 \/ 8<\/td><td>46<\/td><td>50<\/td>\r\n        <\/tr>\r\n        <tr>\r\n            <td>S 250<\/td><td>2500<\/td><td>63 \/ 133 \/ 8<\/td><td>58<\/td><td>62<\/td>\r\n        <\/tr>   \r\n        <tr>\r\n            <td>S 300<\/td><td>3000<\/td><td>63 \/ 162,5 \/ 8<\/td><td>73<\/td><td>75<\/td>\r\n        <\/tr>     \r\n    <\/tbody>\r\n<\/table>\r\n<p><span class=\"highlight\">*<\/span> Le volume sp\u00e9cifi\u00e9 est calcul\u00e9 avec une bonne isolation, <a href=\"..\/..\/contactez-nous\/\" title=\"Formulaire de contact\">nous contacter<\/a> pour confirmer.<\/p>\r\n\r\n<h2>D\u00e9couvrez les autres gammes d&rsquo;Elkatherm<\/h2>\r\n<p>Afin de r\u00e9pondre aux besoins de chacun de nos clients, nous mettons \u00e0 votre disposition diff\u00e9rentes gammes de <strong>radiateurs \u00e9lectriques \u00e0 inertie<\/strong>&nbsp;:<\/p> \r\n<ul>\r\n    <li>SK, gamme des <a href=\"..\/radiateur-plinthe-gamme-sk\">radiateurs plinthe<\/a><\/li>\r\n    <li>SN, gamme des <a href=\"..\/radiateurs-electriques-standard-gamme-sn\">petits radiateurs \u00e9lectriques \u00e0 inertie<\/a><\/li>\r\n    <li>SD, gamme des <a href=\"..\/chauffages-electriques-compacts-gamme-sd\/\">radiateurs \u00e9lectriques compactes<\/a><\/li>\r\n    <li>SL, gamme des <a href=\"..\/radiateurs-verticaux-gamme-sl\">radiateurs verticaux<\/a><\/li>\r\n<\/ul> \r\n\r\n<div class=\"avantages\">\r\n    <div class=\"avantage\" style=\"float:left\">\r\n        <div class=\"centrage\">\r\n            <div class=\"imgbrd\">\r\n                <img decoding=\"async\" src=\"https:\/\/www.elkatherm-benelux.eu\/blog\/wp-content\/uploads\/2025\/08\/symplicitee.jpg\" alt=\"Facilit\u00e9 d'installation\">\r\n            <\/div>\r\n            <h2>Facilit\u00e9 d'installation<\/h2>\r\n            <p>Une simple prise 230 volts suffit \u00e0 son branchement. Vous n\u2019avez plus qu\u2019\u00e0 choisir le mod\u00e8le et la couleur qui vous convient parmi notre large gamme.<\/p>\r\n        <\/div>\r\n    <\/div>\r\n    <div class=\"avantage\" style=\"float:left\">\r\n        <div class=\"centrage\">\r\n            <div class=\"imgbrd\">\r\n                <img decoding=\"async\" src=\"https:\/\/www.elkatherm-benelux.eu\/blog\/wp-content\/uploads\/2025\/08\/economique.jpg\" alt=\"Economies d\u2019\u00e9nergie\">\r\n            <\/div>\r\n            <h2>Economies d\u2019\u00e9nergie<\/h2>\r\n            <p>B\u00e9n\u00e9ficiez d\u2019environ 35% de consommation en moins par rapport aux <a href=\"https:\/\/www.elkatherm-benelux.eu\/blog\/technologie\/comparatif-inertie-accumulation\/\" title=\"Comparatif radiateurs \u00e0 inertie et accumulation\">accumulateurs<\/a> ancienne g\u00e9n\u00e9ration.<\/p>\r\n        <\/div>\r\n    <\/div>\r\n    <div class=\"avantage\" style=\"float:left\">\r\n        <div class=\"centrage\">\r\n            <div class=\"imgbrd\">\r\n                <img decoding=\"async\" src=\"https:\/\/www.elkatherm-benelux.eu\/blog\/wp-content\/uploads\/2025\/07\/autonomie-1.jpg\" alt=\"Autonomie\">\r\n            <\/div>\r\n            <h2>Autonomie<\/h2>\r\n            <p>Associ\u00e9s \u00e0 des panneaux photovolta\u00efques, vos radiateurs ELKATHERM vous offrent la possibilit\u00e9 de parvenir \u00e0 l\u2019autonomie \u00e9lectrique et de r\u00e9duire \u00e0 z\u00e9ro votre note de chauffage.<\/p>\r\n        <\/div>\r\n    <\/div>\r\n<\/div> \r\n      \r\n\r\n        \r\n","protected":false},"excerpt":{"rendered":"<p>* Le volume sp\u00e9cifi\u00e9 est calcul\u00e9 avec une bonne isolation, nous contacter pour confirmer. D\u00e9couvrez la gamme des radiateurs \u00e0 inertie standard D\u00e9couvrez le classique d&rsquo;Elkatherm, le radiateur \u00e9lectrique \u00e9conomique de la gamme S vous offre une chaleur douce et homog\u00e8ne tout en s&rsquo;adaptant \u00e0 la majorit\u00e9 de vos pi\u00e8ces. Cette gamme polyvalente peut \u00eatre&#8230;<\/p>\n<p class=\"more-link\"><a href=\"https:\/\/www.elkatherm-benelux.eu\/blog\/?p=4209\"><span>Read More<\/span><i>&#43;<\/i><\/a><\/p>\n","protected":false},"author":1,"featured_media":0,"parent":9,"menu_order":3,"comment_status":"closed","ping_status":"closed","template":"","meta":{"footnotes":""},"yoast_head":"<!-- This site is optimized with the Yoast SEO plugin v24.5 - https:\/\/yoast.com\/wordpress\/plugins\/seo\/ -->\n<title>Radiateur \u00e9lectrique \u00e9conomique - Gamme S | Elkatherm Benelux<\/title>\n<meta name=\"description\" content=\"D\u00e9couvrez le radiateur \u00e9lectrique \u00e9conomique de la gamme S. Ce radiateur \u00e0 inertie s\u2019adapte \u00e0 la majorit\u00e9 des pi\u00e8ces et vous offre un confort thermique optimal. Disponible avec pieds ou porte serviette, couleur et finition au choix.\" \/>\n<meta name=\"robots\" content=\"index, follow, max-snippet:-1, max-image-preview:large, max-video-preview:-1\" \/>\n<link rel=\"canonical\" href=\"https:\/\/www.elkatherm-benelux.eu\/blog\/produits\/radiateurs-electriques-standard-gamme-s\/\" \/>\n<meta property=\"og:locale\" content=\"fr_FR\" \/>\n<meta property=\"og:type\" content=\"article\" \/>\n<meta property=\"og:title\" content=\"Radiateur \u00e9lectrique \u00e9conomique - Gamme S | Elkatherm Benelux\" \/>\n<meta property=\"og:description\" content=\"D\u00e9couvrez le radiateur \u00e9lectrique \u00e9conomique de la gamme S. Ce radiateur \u00e0 inertie s\u2019adapte \u00e0 la majorit\u00e9 des pi\u00e8ces et vous offre un confort thermique optimal. Disponible avec pieds ou porte serviette, couleur et finition au choix.\" \/>\n<meta property=\"og:url\" content=\"https:\/\/www.elkatherm-benelux.eu\/blog\/produits\/radiateurs-electriques-standard-gamme-s\/\" \/>\n<meta property=\"og:site_name\" content=\"Elkatherm Benelux\" \/>\n<meta property=\"article:publisher\" content=\"https:\/\/www.facebook.com\/elkathermbe\/\" \/>\n<meta property=\"article:modified_time\" content=\"2025-12-04T14:41:31+00:00\" \/>\n<meta property=\"og:image\" content=\"https:\/\/www.elkatherm-benelux.eu\/blog\/wp-content\/uploads\/2025\/12\/baniere-elka-games-2.jpg\" \/>\n<meta name=\"twitter:card\" content=\"summary_large_image\" \/>\n<meta name=\"twitter:label1\" content=\"Dur\u00e9e de lecture estim\u00e9e\" \/>\n\t<meta name=\"twitter:data1\" content=\"2 minutes\" \/>\n<script type=\"application\/ld+json\" class=\"yoast-schema-graph\">{\"@context\":\"https:\/\/schema.org\",\"@graph\":[{\"@type\":\"WebPage\",\"@id\":\"https:\/\/www.elkatherm-benelux.eu\/blog\/produits\/radiateurs-electriques-standard-gamme-s\/\",\"url\":\"https:\/\/www.elkatherm-benelux.eu\/blog\/produits\/radiateurs-electriques-standard-gamme-s\/\",\"name\":\"Radiateur \u00e9lectrique \u00e9conomique - Gamme S | Elkatherm Benelux\",\"isPartOf\":{\"@id\":\"https:\/\/www.elkatherm-benelux.eu\/blog\/#website\"},\"primaryImageOfPage\":{\"@id\":\"https:\/\/www.elkatherm-benelux.eu\/blog\/produits\/radiateurs-electriques-standard-gamme-s\/#primaryimage\"},\"image\":{\"@id\":\"https:\/\/www.elkatherm-benelux.eu\/blog\/produits\/radiateurs-electriques-standard-gamme-s\/#primaryimage\"},\"thumbnailUrl\":\"https:\/\/www.elkatherm-benelux.eu\/blog\/wp-content\/uploads\/2025\/12\/baniere-elka-games-2.jpg\",\"datePublished\":\"2019-08-21T13:25:35+00:00\",\"dateModified\":\"2025-12-04T14:41:31+00:00\",\"description\":\"D\u00e9couvrez le radiateur \u00e9lectrique \u00e9conomique de la gamme S. Ce radiateur \u00e0 inertie s\u2019adapte \u00e0 la majorit\u00e9 des pi\u00e8ces et vous offre un confort thermique optimal. Disponible avec pieds ou porte serviette, couleur et finition au choix.\",\"breadcrumb\":{\"@id\":\"https:\/\/www.elkatherm-benelux.eu\/blog\/produits\/radiateurs-electriques-standard-gamme-s\/#breadcrumb\"},\"inLanguage\":\"fr-FR\",\"potentialAction\":[{\"@type\":\"ReadAction\",\"target\":[\"https:\/\/www.elkatherm-benelux.eu\/blog\/produits\/radiateurs-electriques-standard-gamme-s\/\"]}]},{\"@type\":\"ImageObject\",\"inLanguage\":\"fr-FR\",\"@id\":\"https:\/\/www.elkatherm-benelux.eu\/blog\/produits\/radiateurs-electriques-standard-gamme-s\/#primaryimage\",\"url\":\"https:\/\/www.elkatherm-benelux.eu\/blog\/wp-content\/uploads\/2025\/12\/baniere-elka-games-2.jpg\",\"contentUrl\":\"https:\/\/www.elkatherm-benelux.eu\/blog\/wp-content\/uploads\/2025\/12\/baniere-elka-games-2.jpg\",\"width\":1140,\"height\":227},{\"@type\":\"BreadcrumbList\",\"@id\":\"https:\/\/www.elkatherm-benelux.eu\/blog\/produits\/radiateurs-electriques-standard-gamme-s\/#breadcrumb\",\"itemListElement\":[{\"@type\":\"ListItem\",\"position\":1,\"name\":\"Accueil\",\"item\":\"https:\/\/www.elkatherm-benelux.eu\/blog\/\"},{\"@type\":\"ListItem\",\"position\":2,\"name\":\"Produits\",\"item\":\"https:\/\/www.elkatherm-benelux.eu\/blog\/produits\/\"},{\"@type\":\"ListItem\",\"position\":3,\"name\":\"Radiateurs \u00e9lectriques standard &#8211; La gamme S\"}]},{\"@type\":\"WebSite\",\"@id\":\"https:\/\/www.elkatherm-benelux.eu\/blog\/#website\",\"url\":\"https:\/\/www.elkatherm-benelux.eu\/blog\/\",\"name\":\"Elkatherm Benelux\",\"description\":\"Radiateurs &eacute;lectriques &agrave; inertie\",\"publisher\":{\"@id\":\"https:\/\/www.elkatherm-benelux.eu\/blog\/#organization\"},\"potentialAction\":[{\"@type\":\"SearchAction\",\"target\":{\"@type\":\"EntryPoint\",\"urlTemplate\":\"https:\/\/www.elkatherm-benelux.eu\/blog\/?s={search_term_string}\"},\"query-input\":{\"@type\":\"PropertyValueSpecification\",\"valueRequired\":true,\"valueName\":\"search_term_string\"}}],\"inLanguage\":\"fr-FR\"},{\"@type\":\"Organization\",\"@id\":\"https:\/\/www.elkatherm-benelux.eu\/blog\/#organization\",\"name\":\"ELKATHERM Benelux\",\"url\":\"https:\/\/www.elkatherm-benelux.eu\/blog\/\",\"logo\":{\"@type\":\"ImageObject\",\"inLanguage\":\"fr-FR\",\"@id\":\"https:\/\/www.elkatherm-benelux.eu\/blog\/#\/schema\/logo\/image\/\",\"url\":\"https:\/\/www.elkatherm-benelux.be\/wp-content\/uploads\/2021\/05\/ELKATHERM_logo.jpg\",\"contentUrl\":\"https:\/\/www.elkatherm-benelux.be\/wp-content\/uploads\/2021\/05\/ELKATHERM_logo.jpg\",\"width\":577,\"height\":137,\"caption\":\"ELKATHERM Benelux\"},\"image\":{\"@id\":\"https:\/\/www.elkatherm-benelux.eu\/blog\/#\/schema\/logo\/image\/\"},\"sameAs\":[\"https:\/\/www.facebook.com\/elkathermbe\/\",\"https:\/\/www.instagram.com\/elkatherm_benelux\",\"https:\/\/www.youtube.com\/channel\/UCa2fW6rCLETD_B26V02eAlw\"]}]}<\/script>\n<!-- \/ Yoast SEO plugin. -->","yoast_head_json":{"title":"Radiateur \u00e9lectrique \u00e9conomique - Gamme S | Elkatherm Benelux","description":"D\u00e9couvrez le radiateur \u00e9lectrique \u00e9conomique de la gamme S. Ce radiateur \u00e0 inertie s\u2019adapte \u00e0 la majorit\u00e9 des pi\u00e8ces et vous offre un confort thermique optimal. Disponible avec pieds ou porte serviette, couleur et finition au choix.","robots":{"index":"index","follow":"follow","max-snippet":"max-snippet:-1","max-image-preview":"max-image-preview:large","max-video-preview":"max-video-preview:-1"},"canonical":"https:\/\/www.elkatherm-benelux.eu\/blog\/produits\/radiateurs-electriques-standard-gamme-s\/","og_locale":"fr_FR","og_type":"article","og_title":"Radiateur \u00e9lectrique \u00e9conomique - Gamme S | Elkatherm Benelux","og_description":"D\u00e9couvrez le radiateur \u00e9lectrique \u00e9conomique de la gamme S. Ce radiateur \u00e0 inertie s\u2019adapte \u00e0 la majorit\u00e9 des pi\u00e8ces et vous offre un confort thermique optimal. Disponible avec pieds ou porte serviette, couleur et finition au choix.","og_url":"https:\/\/www.elkatherm-benelux.eu\/blog\/produits\/radiateurs-electriques-standard-gamme-s\/","og_site_name":"Elkatherm Benelux","article_publisher":"https:\/\/www.facebook.com\/elkathermbe\/","article_modified_time":"2025-12-04T14:41:31+00:00","og_image":[{"url":"https:\/\/www.elkatherm-benelux.eu\/blog\/wp-content\/uploads\/2025\/12\/baniere-elka-games-2.jpg","type":"","width":"","height":""}],"twitter_card":"summary_large_image","twitter_misc":{"Dur\u00e9e de lecture estim\u00e9e":"2 minutes"},"schema":{"@context":"https:\/\/schema.org","@graph":[{"@type":"WebPage","@id":"https:\/\/www.elkatherm-benelux.eu\/blog\/produits\/radiateurs-electriques-standard-gamme-s\/","url":"https:\/\/www.elkatherm-benelux.eu\/blog\/produits\/radiateurs-electriques-standard-gamme-s\/","name":"Radiateur \u00e9lectrique \u00e9conomique - Gamme S | Elkatherm Benelux","isPartOf":{"@id":"https:\/\/www.elkatherm-benelux.eu\/blog\/#website"},"primaryImageOfPage":{"@id":"https:\/\/www.elkatherm-benelux.eu\/blog\/produits\/radiateurs-electriques-standard-gamme-s\/#primaryimage"},"image":{"@id":"https:\/\/www.elkatherm-benelux.eu\/blog\/produits\/radiateurs-electriques-standard-gamme-s\/#primaryimage"},"thumbnailUrl":"https:\/\/www.elkatherm-benelux.eu\/blog\/wp-content\/uploads\/2025\/12\/baniere-elka-games-2.jpg","datePublished":"2019-08-21T13:25:35+00:00","dateModified":"2025-12-04T14:41:31+00:00","description":"D\u00e9couvrez le radiateur \u00e9lectrique \u00e9conomique de la gamme S. Ce radiateur \u00e0 inertie s\u2019adapte \u00e0 la majorit\u00e9 des pi\u00e8ces et vous offre un confort thermique optimal. Disponible avec pieds ou porte serviette, couleur et finition au choix.","breadcrumb":{"@id":"https:\/\/www.elkatherm-benelux.eu\/blog\/produits\/radiateurs-electriques-standard-gamme-s\/#breadcrumb"},"inLanguage":"fr-FR","potentialAction":[{"@type":"ReadAction","target":["https:\/\/www.elkatherm-benelux.eu\/blog\/produits\/radiateurs-electriques-standard-gamme-s\/"]}]},{"@type":"ImageObject","inLanguage":"fr-FR","@id":"https:\/\/www.elkatherm-benelux.eu\/blog\/produits\/radiateurs-electriques-standard-gamme-s\/#primaryimage","url":"https:\/\/www.elkatherm-benelux.eu\/blog\/wp-content\/uploads\/2025\/12\/baniere-elka-games-2.jpg","contentUrl":"https:\/\/www.elkatherm-benelux.eu\/blog\/wp-content\/uploads\/2025\/12\/baniere-elka-games-2.jpg","width":1140,"height":227},{"@type":"BreadcrumbList","@id":"https:\/\/www.elkatherm-benelux.eu\/blog\/produits\/radiateurs-electriques-standard-gamme-s\/#breadcrumb","itemListElement":[{"@type":"ListItem","position":1,"name":"Accueil","item":"https:\/\/www.elkatherm-benelux.eu\/blog\/"},{"@type":"ListItem","position":2,"name":"Produits","item":"https:\/\/www.elkatherm-benelux.eu\/blog\/produits\/"},{"@type":"ListItem","position":3,"name":"Radiateurs \u00e9lectriques standard &#8211; La gamme S"}]},{"@type":"WebSite","@id":"https:\/\/www.elkatherm-benelux.eu\/blog\/#website","url":"https:\/\/www.elkatherm-benelux.eu\/blog\/","name":"Elkatherm Benelux","description":"Radiateurs &eacute;lectriques &agrave; inertie","publisher":{"@id":"https:\/\/www.elkatherm-benelux.eu\/blog\/#organization"},"potentialAction":[{"@type":"SearchAction","target":{"@type":"EntryPoint","urlTemplate":"https:\/\/www.elkatherm-benelux.eu\/blog\/?s={search_term_string}"},"query-input":{"@type":"PropertyValueSpecification","valueRequired":true,"valueName":"search_term_string"}}],"inLanguage":"fr-FR"},{"@type":"Organization","@id":"https:\/\/www.elkatherm-benelux.eu\/blog\/#organization","name":"ELKATHERM Benelux","url":"https:\/\/www.elkatherm-benelux.eu\/blog\/","logo":{"@type":"ImageObject","inLanguage":"fr-FR","@id":"https:\/\/www.elkatherm-benelux.eu\/blog\/#\/schema\/logo\/image\/","url":"https:\/\/www.elkatherm-benelux.be\/wp-content\/uploads\/2021\/05\/ELKATHERM_logo.jpg","contentUrl":"https:\/\/www.elkatherm-benelux.be\/wp-content\/uploads\/2021\/05\/ELKATHERM_logo.jpg","width":577,"height":137,"caption":"ELKATHERM Benelux"},"image":{"@id":"https:\/\/www.elkatherm-benelux.eu\/blog\/#\/schema\/logo\/image\/"},"sameAs":["https:\/\/www.facebook.com\/elkathermbe\/","https:\/\/www.instagram.com\/elkatherm_benelux","https:\/\/www.youtube.com\/channel\/UCa2fW6rCLETD_B26V02eAlw"]}]}},"_links":{"self":[{"href":"https:\/\/www.elkatherm-benelux.eu\/blog\/wp-json\/wp\/v2\/pages\/344"}],"collection":[{"href":"https:\/\/www.elkatherm-benelux.eu\/blog\/wp-json\/wp\/v2\/pages"}],"about":[{"href":"https:\/\/www.elkatherm-benelux.eu\/blog\/wp-json\/wp\/v2\/types\/page"}],"author":[{"embeddable":true,"href":"https:\/\/www.elkatherm-benelux.eu\/blog\/wp-json\/wp\/v2\/users\/1"}],"replies":[{"embeddable":true,"href":"https:\/\/www.elkatherm-benelux.eu\/blog\/wp-json\/wp\/v2\/comments?post=344"}],"version-history":[{"count":113,"href":"https:\/\/www.elkatherm-benelux.eu\/blog\/wp-json\/wp\/v2\/pages\/344\/revisions"}],"predecessor-version":[{"id":20646,"href":"https:\/\/www.elkatherm-benelux.eu\/blog\/wp-json\/wp\/v2\/pages\/344\/revisions\/20646"}],"up":[{"embeddable":true,"href":"https:\/\/www.elkatherm-benelux.eu\/blog\/wp-json\/wp\/v2\/pages\/9"}],"wp:attachment":[{"href":"https:\/\/www.elkatherm-benelux.eu\/blog\/wp-json\/wp\/v2\/media?parent=344"}],"curies":[{"name":"wp","href":"https:\/\/api.w.org\/{rel}","templated":true}]}}