{"id":389,"date":"2019-08-22T09:27:37","date_gmt":"2019-08-22T09:27:37","guid":{"rendered":"http:\/\/www.elkatherm-benelux.be\/?page_id=389"},"modified":"2025-02-13T15:38:35","modified_gmt":"2025-02-13T15:38:35","slug":"radiateurs-verticaux-gamme-sl","status":"publish","type":"page","link":"https:\/\/www.elkatherm-benelux.eu\/blog\/produits\/radiateurs-verticaux-gamme-sl\/","title":{"rendered":"Radiateurs \u00e9lectriques verticaux &#8211; La gamme SL"},"content":{"rendered":"\r\n<div id=\"products-menu\" class=\"products-menu\">\r\n    <div>\r\n        <a id=\"pr-menu-overv\" href=\"https:\/\/www.elkatherm-benelux.eu\/blog\/produits\/\" title=\"Produits Elkatherm\">Aper\u00e7u<\/a>\r\n        <a id=\"pr-menu-sk\" href=\"https:\/\/www.elkatherm-benelux.eu\/blog\/produits\/radiateur-plinthe-gamme-sk\/\" title=\"Radiateur plinthe\">Gamme SK<\/a>\r\n        <a id=\"pr-menu-sn\" href=\"https:\/\/www.elkatherm-benelux.eu\/blog\/produits\/chauffage-peu-encombrant-gamme-sn\/\" title=\"Chauffages \u00e9lectriques peu encombrants pour espaces exigus\">Gamme SN<\/a>\r\n        <a id=\"pr-menu-s\" href=\"https:\/\/www.elkatherm-benelux.eu\/blog\/produits\/radiateurs-electriques-standard-gamme-s\/\" title=\"Radiateurs \u00e9lectriques standard pour locaux spacieux\">Gamme S<\/a>\r\n        <a id=\"pr-menu-sd\" href=\"https:\/\/www.elkatherm-benelux.eu\/blog\/produits\/chauffages-electriques-compacts-gamme-sd\/\" title=\"Chauffages \u00e9lectriques compacts pour locaux volumineux\">Gamme SD<\/a>\r\n        <a id=\"pr-menu-sl\" href=\"https:\/\/www.elkatherm-benelux.eu\/blog\/produits\/radiateurs-verticaux-gamme-sl\/\" title=\"Radiateurs verticaux pour salle de bain\">Gamme SL<\/a>\r\n        <a id=\"pr-menu-options\" href=\"https:\/\/www.elkatherm-benelux.eu\/blog\/produits\/options\/regulations\/\" title=\"Options pour radiateurs \u00e9lectriques Elkatherm\">Options<\/a>\r\n    <\/div>        \r\n<\/div>\r\n<img decoding=\"async\" class=\"product-title-img\" src=\"https:\/\/www.elkatherm-benelux.eu\/blog\/banniere-radiateur-sl\/\" alt=\"La gamme SL\">\r\n<h1 class=\"product-h1 display-3\">Gamme des radiateurs \u00e9lectriques verticaux <\/h1>\r\n<p class=\"subtitle\">Vous cherchez le radiateur parfait pour votre salle de bain ? D\u00e9couvrez les performances de la gamme&nbsp;SL&nbsp;!<\/p>\r\n\r\n<!-- Script pour indication menu section active (ajout classe fond orange): -->\r\n<script>\r\n    window.onload = function showActive() {\r\n        var element = document.getElementById(\"pr-menu-sl\");\r\n        element.classList.add(\"active-options-menu\");\r\n    }    \r\n    let timeout;\r\n    function myFunction() {\r\n      timeout = setTimeout(activateMenu, 500);\r\n    }\r\n    function activateMenu() {      \r\n        var element = document.getElementById(\"pr-menu-sl\");\r\n        element.classList.add(\"active-options-menu\");\r\n    }\r\n    myFunction();\r\n<\/script> \r\n    \r\n<div class=\"prod-present\">\r\n    <div class=\"prod-img\">\r\n        \t\t\t\t\t\t<style>\r\n\t\t\t\t\r\n\t\t\t\t\t#tab_container_4232 {\r\n\toverflow:hidden;\r\n\tdisplay:block;\r\n\twidth:100%;\r\n\tborder:0px solid #ddd;\r\n\tmargin-bottom:30px;\r\n\t}\r\n\r\n#tab_container_4232 .tab-content{\r\n\tpadding:20px;\r\n\tborder: 1px solid #e6e6e6 !important;\r\n\tmargin-top: 0px;\r\n\tbackground-color:#ffffff !important;\r\n\tcolor: #000000 !important;\r\n\tfont-size:16px !important;\r\n\tfont-family: Open Sans !important;\r\n\t\r\n\t\tborder: 1px solid #e6e6e6 !important;\r\n\t}\r\n#tab_container_4232 .wpsm_nav-tabs {\r\n    border-bottom: 0px solid #ddd;\r\n}\r\n#tab_container_4232 .wpsm_nav-tabs > li.active > a, #tab_container_4232 .wpsm_nav-tabs > li.active > a:hover, #tab_container_4232 .wpsm_nav-tabs > li.active > a:focus {\r\n\tcolor: #000000 !important;\r\n\tcursor: default;\r\n\tbackground-color: #ffffff !important;\r\n\tborder: 1px solid #e6e6e6 !important;\r\n}\r\n\r\n#tab_container_4232 .wpsm_nav-tabs > li > a {\r\n    margin-right: 0px !important; \r\n    line-height: 1.42857143 !important;\r\n    border: 1px solid #d5d5d5 !important;\r\n    border-radius: 0px 0px 0 0 !important; \r\n\tbackground-color: #e8e8e8 !important;\r\n\tcolor: #000000 !important;\r\n\tpadding: 15px 18px 15px 18px !important;\r\n\ttext-decoration: none !important;\r\n\tfont-size: 14px !important;\r\n\ttext-align:center !important;\r\n\tfont-family: Open Sans !important;\r\n}\r\n#tab_container_4232 .wpsm_nav-tabs > li > a:focus {\r\noutline: 0px !important;\r\n}\r\n\r\n#tab_container_4232 .wpsm_nav-tabs > li > a:before {\r\n\tdisplay:none !important;\r\n}\r\n#tab_container_4232 .wpsm_nav-tabs > li > a:after {\r\n\tdisplay:none !important ;\r\n}\r\n#tab_container_4232 .wpsm_nav-tabs > li{\r\npadding:0px !important ;\r\nmargin:0px;\r\n}\r\n\r\n#tab_container_4232 .wpsm_nav-tabs > li > a:hover , #tab_container_4232 .wpsm_nav-tabs > li > a:focus {\r\n    color: #000000 !important;\r\n    background-color: #e8e8e8 !important;\r\n\tborder: 1px solid #d5d5d5 !important;\r\n\t\r\n}\r\n#tab_container_4232 .wpsm_nav-tabs > li > a .fa{\r\n\r\nmargin-right:5px !important;\r\n\r\nmargin-left:5px !important;\r\n\r\n\r\n}\r\n\r\n\t\t#tab_container_4232 .wpsm_nav-tabs a{\r\n\t\t\tbackground-image: none;\r\n\t\t\tbackground-position: 0 0;\r\n\t\t\tbackground-repeat: repeat-x;\r\n\t\t}\r\n\t\t\t\r\n\r\n\r\n#tab_container_4232 .wpsm_nav-tabs > li {\r\n    float: left;\r\n    margin-bottom: -1px !important;\r\n\tmargin-right:0px !important; \r\n}\r\n\r\n\r\n#tab_container_4232 .tab-content{\r\noverflow:hidden !important;\r\n}\r\n\r\n\r\n@media (min-width: 769px) {\r\n\r\n\t#tab_container_4232 .wpsm_nav-tabs > li{\r\n\t\tfloat:left !important ;\r\n\t\t\t\tmargin-right:-1px !important;\r\n\t\t\t\t\t}\r\n\t#tab_container_4232 .wpsm_nav-tabs{\r\n\t\tfloat:none !important;\r\n\t\tmargin:0px !important;\r\n\t}\r\n\r\n\t#tab_container_4232 .wpsm_nav-tabs > li {\r\n\t\t\t\t\r\n\t}\r\n\t#tab_container_4232 .wpsm_nav{\r\n\t\t\t}\r\n\r\n}\r\n\r\n\r\n\r\n@media (max-width: 768px) {\r\n\t#tab_container_4232 .wpsm_nav-tabs > li {\r\n\t\t\t\t\r\n\t}\r\n\t#tab_container_4232 .wpsm_nav{\r\n\t\t\t}\r\n}\r\n\r\n\r\n\t.wpsm_nav-tabs li:before{\r\n\t\tdisplay:none !important;\r\n\t}\r\n\r\n\t@media (max-width: 768px) {\r\n\t\t\t\t\r\n\t\t\t\t\t\r\n\t\t\t#tab_container_4232 .wpsm_nav-tabs  li  a  i{\r\n\t\t\t\tdisplay: none !important;\r\n\t\t\t}\r\n\t\t\t\r\n\t\t\t\t.wpsm_nav-tabs{\r\n\t\t\tmargin-left:0px !important;\r\n\t\t\tmargin-right:0px !important; \r\n\t\t\t\r\n\t\t}\r\n\t\t\t\t\t\r\n\t\t\t#tab_container_4232 .wpsm_nav-tabs > li {\r\n\t\t\t\t\t\t\r\n\t\t\t}\r\n\t\t\t\r\n\t\t\t\t\t\t\r\n\t\t\t\r\n\t}\t\t\t\t<\/style>\r\n\t\t\t\t<div id=\"tab_container_4232\" >\r\n\t \r\n\t\t\t\t\t<ul class=\"wpsm_nav wpsm_nav-tabs\" role=\"tablist\" id=\"myTab_4232\">\r\n\t\t\t\t\t\t\t\t\t\t\t <\/ul>\r\n\r\n\t\t\t\t\t  <!-- Tab panes -->\r\n\t\t\t\t\t  <div class=\"tab-content\" id=\"tab-content_4232\">\r\n\t\t\t\t\t\t\t\r\n\t\t\t\t\t <\/div>\r\n\t\t\t\t\t \r\n\t\t\t\t <\/div>\r\n <script>\r\n\t\tjQuery(function () {\r\n\t\t\tjQuery('#myTab_4232 a:first').tab('show')\r\n\t\t});\r\n\t\t\r\n\t\t\t\tjQuery(function(){\r\n\t\t\tvar b=\"fadeIn\";\r\n\t\t\tvar c;\r\n\t\t\tvar a;\r\n\t\t\td(jQuery(\"#myTab_4232 a\"),jQuery(\"#tab-content_4232\"));function d(e,f,g){\r\n\t\t\t\te.click(function(i){\r\n\t\t\t\t\ti.preventDefault();\r\n\t\t\t\t\tjQuery(this).tab(\"show\");\r\n\t\t\t\t\tvar h=jQuery(this).data(\"easein\");\r\n\t\t\t\t\tif(c){c.removeClass(a);}\r\n\t\t\t\t\tif(h){f.find(\"div.active\").addClass(\"animated \"+h);a=h;}\r\n\t\t\t\t\telse{if(g){f.find(\"div.active\").addClass(\"animated \"+g);a=g;}else{f.find(\"div.active\").addClass(\"animated \"+b);a=b;}}c=f.find(\"div.active\");\r\n\t\t\t\t});\r\n\t\t\t}\r\n\t\t});\r\n\t\t\r\n\r\n\t\tfunction do_resize(){\r\n\r\n\t\t\tvar width=jQuery( '.tab-content .tab-pane iframe' ).width();\r\n\t\t\tvar height=jQuery( '.tab-content .tab-pane iframe' ).height();\r\n\r\n\t\t\tvar toggleSize = true;\r\n\t\t\tjQuery('iframe').animate({\r\n\t\t\t    width: toggleSize ? width : 640,\r\n\t\t\t    height: toggleSize ? height : 360\r\n\t\t\t  }, 250);\r\n\r\n\t\t\t  toggleSize = !toggleSize;\r\n\t\t}\r\n\r\n\r\n\t<\/script>\r\n\t\t\t\t\r\n\t\t\t  \r\n        <p><small><span class=\"highlight\">*<\/span> Le volume sp\u00e9cifi\u00e9 est calcul\u00e9 avec une bonne isolation, <a href=\"..\/..\/contactez-nous\/\" title=\"Formulaire de contact\">nous contacter<\/a> pour confirmer.<\/small><\/p>\r\n    <\/div>\r\n    <div class=\"prod-descr\">\r\n        <div>\r\n            <h2>La gamme SL, id\u00e9ale pour la salle de bain<\/h2>\r\n            <p>Habillez vos murs avec \u00e9l\u00e9gance gr\u00e2ce aux <strong>radiateurs verticaux d&rsquo;Elkatherm<\/strong> ! Le radiateur vertical \u00e0 inertie de la gamme SL trouve sa place sur tous vos murs. Sp\u00e9cialement d\u00e9velopp\u00e9 pour la <strong>salle de bain ou les couloirs<\/strong>, ce type de radiateur vous promet un excellent rayonnement de chaleur. Sa conception, faite avec des mat\u00e9riaux de haute qualit\u00e9, lui offre robustesse, fiabilit\u00e9 et long\u00e9vit\u00e9 ! Comme tous les autres mod\u00e8les Elkatherm, il se caract\u00e9rise par un noyau en chamotte et un rev\u00eatement en epoxy d&rsquo;excellente qualit\u00e9, ce qui lui conf\u00e8re une r\u00e9sistance optimale \u00e0 l&rsquo;eau (indice de protection : IP24).<\/p>\r\n            <p>Nous vous donnons \u00e9galement la possibilit\u00e9 d&rsquo;accessoiriser votre radiateur d&rsquo;un porte-serviette (<a href=\"porte-serviette\" title=\"porte-serviettes pour radiateur \u00e9lectrique\">voir options<\/a>) et de le personnaliser \u00e0 l&rsquo;aide de <a href=\"options\/couleurs\" title=\"couleurs standards RAL\">notre catalogue de couleur<\/a> et de finitions. <\/p>            \r\n            \r\n            <h3>Types de commande : <\/h3>\r\n<ul>\r\n    <li>Par thermostat programmable <strong><a href=\"options\/regulations#520\" title=\"Thermostat int\u00e9gr\u00e9 programmable\">520<\/a><\/strong> int\u00e9gr\u00e9 au radiateur.<\/li>\r\n    <li>Thermostat int\u00e9gr\u00e9 <strong><a href=\"options\/regulations#regulat\" title=\"Thermostat int\u00e9gr\u00e9 manuel\">505<\/a> non disponible<\/strong> avec la gamme SL.<\/li>\r\n                \r\n    <li>Par thermostat d\u00e9port\u00e9 sans fil manuel <strong><a href=\"options\/regulations#716\" title=\"Thermostat externe sans fil manuel\">716<\/a><\/strong> (en option) ou programmable <strong><a href=\"options\/regulations-#712\" title=\"Thermostat externe sans fil programmable\">712<\/a><\/strong> (en option) combin\u00e9 avec un r\u00e9cepteur s\u00e9par\u00e9 <strong><a href=\"options\/regulations-#714\" title=\"R\u00e9cepteur sans fil s\u00e9par\u00e9\">714<\/a><\/strong> ou r\u00e9cepteur int\u00e9gr\u00e9 <strong><a href=\"options\/regulations-#707\" title=\"R\u00e9cepteur sans fil int\u00e9gr\u00e9\">707<\/a><\/strong> par radiateur, en option routeur sans fil <strong><a href=\"options\/regulations#702\" title=\"Routeur sans fil\">702<\/a><\/strong> pour commande via smartphone, tablette etc.<\/li>\r\n    <li>Par thermostat tout-en-un <strong><a href=\"options\/regulations#530\" title=\"thermostat tout-en-un\">530<\/a><\/strong> : commande au choix via simple thermostat int\u00e9gr\u00e9, thermostat d\u00e9port\u00e9 ou application smartphone<\/li>\r\n\r\n    <li>Pour le mod\u00e8le <strong><a href=\"options\/regulations#regulat\" title=\"Thermostat externe sans fil\">504<\/a><\/strong> par c\u00e2blage filaire vers coffret ou autres solutions,  pas de thermostat ou r\u00e9cepteur int\u00e9gr\u00e9 au radiateur.<\/li>\r\n<\/ul>\r\n                             \r\n        <\/div>        \r\n    <\/div>            \r\n<\/div>\r\n<div class=\"regul-illu\">\r\n    <div class=\"responsive\" style=\"display: none;\">\r\n        <div class=\"gallery\">\r\n            <a href=\"options\/regulations#505\">\r\n                <figure>\r\n                    <img decoding=\"async\" src=\"https:\/\/www.elkatherm-benelux.eu\/blog\/regulation-radiateur-505\/\" alt=\"R\u00e9gulation radiateur 505\" width=\"150\" height=\"150\">\r\n                    \r\n                    <figcaption>Thermostat int\u00e9gr\u00e9&nbsp;505<\/figcaption>\r\n                <\/figure>            \r\n            <\/a>\r\n        <\/div>\r\n    <\/div>\r\n    <div class=\"responsive\">\r\n        <div class=\"gallery\">\r\n            <a href=\"options\/regulations#520\">\r\n                <figure>\r\n                    <img decoding=\"async\" src=\"https:\/\/www.elkatherm-benelux.eu\/blog\/regulation-radiateur-520\/\" alt=\"Thermostat programmable int\u00e9gr\u00e9\" width=\"150\" height=\"150\">\r\n                    \r\n                    <figcaption>Thermostat digital int\u00e9gr\u00e9&nbsp;520<\/figcaption>\r\n                <\/figure>            \r\n            <\/a>\r\n        <\/div>\r\n    <\/div>\r\n    <div class=\"responsive\">\r\n        <div class=\"gallery\">\r\n            <a href=\"options\/regulations#530\">\r\n                <figure>\r\n                    <img decoding=\"async\" src=\"https:\/\/www.elkatherm-benelux.eu\/blog\/eComfort-530\/\" alt=\"Thermostat tout-en-un\" width=\"150\" height=\"150\">\r\n                    \r\n                    <figcaption>Thermostat<br>tout-en-un 530<\/figcaption>\r\n                <\/figure>            \r\n            <\/a>\r\n        <\/div>\r\n    <\/div>\r\n    <div class=\"responsive\">\r\n        <div class=\"gallery\">\r\n            <a href=\"options\/regulations#716\">\r\n                <figure>\r\n                    <img decoding=\"async\" src=\"https:\/\/www.elkatherm-benelux.eu\/blog\/thermostat-sans-fil-716\/\" alt=\"Thermostat sans fil simple\" width=\"150\" height=\"150\">\r\n                    \r\n                    <figcaption>Thermostat sans&nbsp;fil 716<\/figcaption>\r\n                <\/figure>            \r\n            <\/a>\r\n        <\/div>\r\n    <\/div>\r\n    <div class=\"responsive\">\r\n        <div class=\"gallery\">\r\n            <a href=\"options\/regulations#712\">\r\n                <figure>\r\n                    <img decoding=\"async\" src=\"https:\/\/www.elkatherm-benelux.eu\/blog\/thermostat-sans-fil-712\/\" alt=\"Thermostat sans fil programmable\" width=\"150\" height=\"150\">\r\n                    \r\n                    <figcaption>Thermostat sans fil programm. 712<\/figcaption>\r\n                <\/figure>            \r\n            <\/a>\r\n        <\/div>\r\n    <\/div>\r\n    <div class=\"responsive\">\r\n        <div class=\"gallery\">\r\n            <a href=\"options\/regulations#714\">\r\n                <figure>\r\n                    <img decoding=\"async\" src=\"https:\/\/www.elkatherm-benelux.eu\/blog\/tole-recepteur-714\/\" alt=\"R\u00e9cepteur sans fil s\u00e9par\u00e9 714\" width=\"150\" height=\"150\">\r\n                    \r\n                    <figcaption>R\u00e9cepteur sans fil s\u00e9par\u00e9 714<\/figcaption>\r\n                <\/figure>            \r\n            <\/a>\r\n        <\/div>\r\n    <\/div>\r\n    <div class=\"responsive\">\r\n        <div class=\"gallery\">\r\n            <a href=\"options\/regulations#707\">\r\n                <figure>\r\n                    <img decoding=\"async\" src=\"https:\/\/www.elkatherm-benelux.eu\/blog\/recepteur-707\/\" alt=\"R\u00e9cepteur sans fil s\u00e9par\u00e9 707\" width=\"150\" height=\"150\">\r\n                    \r\n                    <figcaption>R\u00e9cepteur sans fil int\u00e9gr\u00e9 707<\/figcaption>\r\n                <\/figure>            \r\n            <\/a>\r\n        <\/div>\r\n    <\/div>\r\n    <div class=\"responsive\">\r\n        <div class=\"gallery\">\r\n            <a href=\"options\/regulations#702\">\r\n                <figure>\r\n                    <img decoding=\"async\" src=\"https:\/\/www.elkatherm-benelux.eu\/blog\/ELK702-router\/\" alt=\"Routeur sans fil\" width=\"150\" height=\"150\">\r\n                    \r\n                    <figcaption>Routeur sans fil 702<\/figcaption>\r\n                <\/figure>            \r\n            <\/a>\r\n        <\/div>\r\n    <\/div>\r\n      \r\n    <div class=\"clearfix\"><\/div>\r\n<\/div>\r\n\r\n<h3>Votre radiateur vertical personnalisable<\/h3>\r\n<p>En plus de vous apporter une chaleur douce et confortable, le <strong>radiateur vertical<\/strong> de la gamme SL devient un \u00e9l\u00e9ment \u00e0 part enti\u00e8re de votre d\u00e9coration d&rsquo;int\u00e9rieur. Peu importe le style de votre habitation, nous mettons \u00e0 votre disposition un <strong><a  href=\"options\/couleurs\" title=\"Voir le nuancier RAL\">large choix de coloris<\/a><\/strong> afin que votre radiateur s&rsquo;adapte \u00e0 vos diff\u00e9rentes pi\u00e8ces. Il vous est \u00e9galement possible de choisir les <strong><a href=\"options\/finitions\" title=\"Finition radiateurs\">finitions<\/a><\/strong> qui accessoiriseront votre futur radiateur : paroi lisse, en verre ou pintura. Si vous souhaitez installer votre <strong>chauffage<\/strong> dans une salle de bain, nous vous d\u00e9conseillons d&rsquo;installer  des roulettes pour une question \u00e9vidente de stabilit\u00e9.<\/p>\r\n\r\n<div class=\"regul-illu options\">\r\n    <div class=\"responsive\">\r\n        <div class=\"gallery\">\r\n            <a href=\"options\/couleurs\">\r\n                <figure>\r\n                    <img decoding=\"async\" src=\"https:\/\/www.elkatherm-benelux.eu\/blog\/ral\/\" alt=\"Couleur\" width=\"100\" height=\"100\">\r\n                    \r\n                    <figcaption>Couleur<\/figcaption>\r\n                <\/figure>            \r\n            <\/a>\r\n        <\/div>\r\n    <\/div>\r\n    <div class=\"responsive\" style=\"display: none;\">\r\n        <div class=\"gallery\">\r\n            <a href=\"options\/finitions\">\r\n                <figure>\r\n                    <img decoding=\"async\" src=\"https:\/\/www.elkatherm-benelux.eu\/blog\/finition-standard\/\" alt=\"Finition\" width=\"100\" height=\"100\">\r\n                    \r\n                    <figcaption>Finition<br>standard<\/figcaption>\r\n                <\/figure>            \r\n            <\/a>\r\n        <\/div>\r\n    <\/div>\r\n    <div class=\"responsive\">\r\n        <div class=\"gallery\">\r\n            <a href=\"options\/finitions#lisse\">\r\n                <figure>\r\n                    <img decoding=\"async\" src=\"https:\/\/www.elkatherm-benelux.eu\/blog\/radiateur-paroie-lisse\/\" alt=\"Finition\" width=\"100\" height=\"100\">\r\n                    \r\n                    <figcaption>Paroie lisse<\/figcaption>\r\n                <\/figure>            \r\n            <\/a>\r\n        <\/div>\r\n    <\/div>\r\n    <div class=\"responsive\">\r\n        <div class=\"gallery\">\r\n            <a href=\"options\/finitions#pintura\">\r\n                <figure>\r\n                    <img decoding=\"async\" src=\"https:\/\/www.elkatherm-benelux.eu\/blog\/radiateur-paroie-pintura\/\" alt=\"Finition\" width=\"100\" height=\"100\">\r\n                    \r\n                    <figcaption>Paroie pintura<\/figcaption>\r\n                <\/figure>            \r\n            <\/a>\r\n        <\/div>\r\n    <\/div>\r\n    <div class=\"responsive\">\r\n        <div class=\"gallery\">\r\n            <a href=\"options\/finitions#glass\">\r\n                <figure>\r\n                    <img decoding=\"async\" src=\"https:\/\/www.elkatherm-benelux.eu\/blog\/radiateur-paroie-verre\/\" alt=\"Finition\" width=\"100\" height=\"100\">\r\n                    \r\n                    <figcaption>Paroie en verre<\/figcaption>\r\n                <\/figure>            \r\n            <\/a>\r\n        <\/div>\r\n    <\/div>\r\n    <div class=\"responsive\" style=\"display: none;\">\r\n        <div class=\"gallery\">\r\n            <a href=\"options\/pieds#support\">\r\n                <figure>\r\n                    <img decoding=\"async\" src=\"https:\/\/www.elkatherm-benelux.eu\/blog\/pieds-support-pour-radiateur-electrique\/\" alt=\"Pieds\" width=\"100\" height=\"100\">\r\n                    \r\n                    <figcaption>Pieds 410<\/figcaption>\r\n                <\/figure>            \r\n            <\/a>\r\n        <\/div>\r\n    <\/div>\r\n    <div class=\"responsive\">\r\n        <div class=\"gallery\">\r\n            <a href=\"options\/pieds#int\">\r\n                <figure>\r\n                    <img decoding=\"async\" src=\"https:\/\/www.elkatherm-benelux.eu\/blog\/pieds-soutien-radiateur-electrique\/\" alt=\"Pieds\" width=\"100\" height=\"100\">\r\n                    \r\n                    <figcaption>Pieds align\u00e9s<br>int\u00e9rieurement 410IS<\/figcaption>\r\n                <\/figure>            \r\n            <\/a>\r\n        <\/div>\r\n    <\/div>\r\n    <div class=\"responsive\" style=\"display: none;\">\r\n        <div class=\"gallery\">\r\n            <a href=\"options\/pieds#wheels\">\r\n                <figure>\r\n                    <img decoding=\"async\" src=\"https:\/\/www.elkatherm-benelux.eu\/blog\/pieds-roulettes-radiateur-electrique\/\" alt=\"Pieds\" width=\"100\" height=\"100\">\r\n                    \r\n                    <figcaption>Pieds \u00e0<br>roulettes 411<\/figcaption>\r\n                <\/figure>            \r\n            <\/a>\r\n        <\/div>\r\n    <\/div>\r\n    <div class=\"responsive\">\r\n        <div class=\"gallery\">\r\n            <a href=\"options\/porte-serviette#std\">\r\n                <figure>\r\n                    <img decoding=\"async\" src=\"https:\/\/www.elkatherm-benelux.eu\/blog\/porte-serviettes-standard\/\" alt=\"Porte-serviettes\" width=\"100\" height=\"100\">\r\n                    \r\n                    <figcaption>Porte-serviettes<br>Standard<\/figcaption>\r\n                <\/figure>            \r\n            <\/a>\r\n        <\/div>\r\n    <\/div>\r\n    <div class=\"responsive\">\r\n        <div class=\"gallery\">\r\n            <a href=\"options\/porte-serviette#swing\">\r\n                <figure>\r\n                    <img decoding=\"async\" src=\"https:\/\/www.elkatherm-benelux.eu\/blog\/porte-serviettes-swing\/\" alt=\"Porte-serviettes\" width=\"100\" height=\"100\">\r\n                    \r\n                    <figcaption>Porte-serviettes<br>Swing<\/figcaption>\r\n                <\/figure>            \r\n            <\/a>\r\n        <\/div>\r\n    <\/div>\r\n    <div class=\"responsive\" style=\"display: none;\">\r\n        <div class=\"gallery\">\r\n            <a href=\"options\/porte-serviette#swing-inox\">\r\n                <figure>\r\n                    <img decoding=\"async\" src=\"https:\/\/www.elkatherm-benelux.eu\/blog\/porte-serviettes-swing-inox\/\" alt=\"Porte-serviettes\" width=\"100\" height=\"100\">\r\n                    \r\n                    <figcaption>Porte-serviettes<br>Swing Inox<\/figcaption>\r\n                <\/figure>            \r\n            <\/a>\r\n        <\/div>\r\n    <\/div>\r\n    <div class=\"responsive\">\r\n        <div class=\"gallery\">\r\n            <a href=\"options\/porte-serviette#style\">\r\n                <figure>\r\n                    <img decoding=\"async\" src=\"https:\/\/www.elkatherm-benelux.eu\/blog\/porte-serviettes-style\/\" alt=\"Porte-serviettes\" width=\"100\" height=\"100\">\r\n                    \r\n                    <figcaption>Porte-serviettes<br>Style<\/figcaption>\r\n                <\/figure>            \r\n            <\/a>\r\n        <\/div>\r\n    <\/div>\r\n<\/div>\r\n\r\n<div class=\"row wp-block-button aligncenter is-style-squared\"><a class=\"wp-block-button__link\" href=\"contactez-nous\/?object=offer\">Demandez votre devis<\/a><\/div> \r\n\r\n<h3>Caract\u00e9ristiques techniques<\/h3>\r\n\r\n<div class=\"options-button\">\r\n    <a id=\"bt-dwld\" href=\"https:\/\/www.elkatherm-benelux.eu\/blog\/SL-1\" target=\"_blank\" rel=\"noopener noreferrer\" title=\"Fiche technique et options\">\r\n        <div class=\"options-text\"> \r\n            <i class=\"fas fa-file-download\"><\/i><span> <span>T\u00e9l\u00e9charger la fiche technique et liste des options<\/span>\r\n        <\/div>\r\n    <\/a>\r\n<\/div>\r\n\r\n<table class=\"wp-block-table prod-specs\" id=\"carac-gamme\" width=\"100%\">\r\n    <thead>\r\n        <tr>\r\n            <td>Type<\/td><td>Puissance (W)<\/td><td>H \/ L \/ P (cm)<\/td><td>Poids (kg)<\/td><td>Capacit\u00e9 de chauffe max. (m\u00b3)*<\/td>\r\n        <\/tr>\r\n    <\/thead>\r\n    <tbody>        \r\n        <tr>\r\n            <td>SL 100<\/td><td>1000<\/td><td>122 \/ 41 \/ 8<\/td><td>34<\/td><td>25<\/td>\r\n        <\/tr>\r\n        <tr>\r\n            <td>SL 150<\/td><td>1500<\/td><td>122 \/ 41 \/ 8<\/td><td>34<\/td><td>37<\/td>\r\n        <\/tr>\r\n        <tr>\r\n            <td>SL 200<\/td><td>2000<\/td><td>122 \/ 68,5 \/ 8<\/td><td>64<\/td><td>50<\/td>\r\n        <\/tr>\r\n        <tr>\r\n            <td>SL 250<\/td><td>2500<\/td><td>122 \/ 68,5 \/ 8<\/td><td>64<\/td><td>62<\/td>\r\n        <\/tr>     \r\n    <\/tbody>\r\n<\/table>\r\n<p><span class=\"highlight\">*<\/span> Le volume sp\u00e9cifi\u00e9 est calcul\u00e9 avec une bonne isolation, <a href=\"..\/..\/contactez-nous\/\" title=\"Formulaire de contact\">nous contacter<\/a> pour confirmer.<\/p>\r\n\r\n<div class=\"avantages\">\r\n    <div class=\"avantage\" style=\"float:left\">\r\n        <div class=\"centrage\">\r\n            <div class=\"imgbrd\">\r\n                <img decoding=\"async\" src=\"https:\/\/www.elkatherm-benelux.eu\/blog\/wp-content\/uploads\/2025\/08\/symplicitee.jpg\" alt=\"Facilit\u00e9 d'installation\">\r\n            <\/div>\r\n            <h2>Facilit\u00e9 d'installation<\/h2>\r\n            <p>Une simple prise 230 volts suffit \u00e0 son branchement. Vous n\u2019avez plus qu\u2019\u00e0 choisir le mod\u00e8le et la couleur qui vous convient parmi notre large gamme.<\/p>\r\n        <\/div>\r\n    <\/div>\r\n    <div class=\"avantage\" style=\"float:left\">\r\n        <div class=\"centrage\">\r\n            <div class=\"imgbrd\">\r\n                <img decoding=\"async\" src=\"https:\/\/www.elkatherm-benelux.eu\/blog\/wp-content\/uploads\/2025\/08\/economique.jpg\" alt=\"Economies d\u2019\u00e9nergie\">\r\n            <\/div>\r\n            <h2>Economies d\u2019\u00e9nergie<\/h2>\r\n            <p>B\u00e9n\u00e9ficiez d\u2019environ 35% de consommation en moins par rapport aux <a href=\"https:\/\/www.elkatherm-benelux.eu\/blog\/technologie\/comparatif-inertie-accumulation\/\" title=\"Comparatif radiateurs \u00e0 inertie et accumulation\">accumulateurs<\/a> ancienne g\u00e9n\u00e9ration.<\/p>\r\n        <\/div>\r\n    <\/div>\r\n    <div class=\"avantage\" style=\"float:left\">\r\n        <div class=\"centrage\">\r\n            <div class=\"imgbrd\">\r\n                <img decoding=\"async\" src=\"https:\/\/www.elkatherm-benelux.eu\/blog\/wp-content\/uploads\/2025\/07\/autonomie-1.jpg\" alt=\"Autonomie\">\r\n            <\/div>\r\n            <h2>Autonomie<\/h2>\r\n            <p>Associ\u00e9s \u00e0 des panneaux photovolta\u00efques, vos radiateurs ELKATHERM vous offrent la possibilit\u00e9 de parvenir \u00e0 l\u2019autonomie \u00e9lectrique et de r\u00e9duire \u00e0 z\u00e9ro votre note de chauffage.<\/p>\r\n        <\/div>\r\n    <\/div>\r\n<\/div> \r\n\r\n<div class=\"wp-block-button alignright is-style-squared\">\r\n    <a class=\"wp-block-button__link\" href=\"https:\/\/www.elkatherm-benelux.eu\/blog\/produits\/\" title=\"Retour vers gamme de produits\">retour<\/a>\r\n<\/div>        \r\n\r\n        \r\n","protected":false},"excerpt":{"rendered":"<p>Gamme des radiateurs \u00e9lectriques verticaux Vous cherchez le radiateur parfait pour votre salle de bain ? D\u00e9couvrez les performances de la gamme&nbsp;SL&nbsp;! * Le volume sp\u00e9cifi\u00e9 est calcul\u00e9 avec une bonne isolation, nous contacter pour confirmer. La gamme SL, id\u00e9ale pour la salle de bain Habillez vos murs avec \u00e9l\u00e9gance gr\u00e2ce aux radiateurs verticaux d&rsquo;Elkatherm&#8230;<\/p>\n<p class=\"more-link\"><a href=\"https:\/\/www.elkatherm-benelux.eu\/blog\/?p=4232\"><span>Read More<\/span><i>&#43;<\/i><\/a><\/p>\n","protected":false},"author":1,"featured_media":0,"parent":9,"menu_order":5,"comment_status":"closed","ping_status":"closed","template":"","meta":{"footnotes":""},"yoast_head":"<!-- This site is optimized with the Yoast SEO plugin v24.5 - https:\/\/yoast.com\/wordpress\/plugins\/seo\/ -->\n<title>Radiateurs verticaux - gamme SL | Elkatherm Benelux<\/title>\n<meta name=\"description\" content=\"La gamme SL (radiateurs \u00e9lectriques verticaux) a \u00e9t\u00e9 sp\u00e9cialement d\u00e9velopp\u00e9e pour l\u2019utilisation dans la salle de bain ou dans les couloirs.D\u00e9couvrez les radiateurs verticaux de la gamme SL d\u2019Elkatherm. Cette gamme de radiateurs \u00e9lectriques \u00e0 inertie chauffera \u00e0 la perfection vos salles de bain et couloirs. Disponible avec porte-serviette, couleur et finition au choix.\" \/>\n<meta name=\"robots\" content=\"index, follow, max-snippet:-1, max-image-preview:large, max-video-preview:-1\" \/>\n<link rel=\"canonical\" href=\"https:\/\/www.elkatherm-benelux.eu\/blog\/produits\/radiateurs-verticaux-gamme-sl\/\" \/>\n<meta property=\"og:locale\" content=\"fr_FR\" \/>\n<meta property=\"og:type\" content=\"article\" \/>\n<meta property=\"og:title\" content=\"Radiateurs verticaux - gamme SL | Elkatherm Benelux\" \/>\n<meta property=\"og:description\" content=\"La gamme SL (radiateurs \u00e9lectriques verticaux) a \u00e9t\u00e9 sp\u00e9cialement d\u00e9velopp\u00e9e pour l\u2019utilisation dans la salle de bain ou dans les couloirs.D\u00e9couvrez les radiateurs verticaux de la gamme SL d\u2019Elkatherm. Cette gamme de radiateurs \u00e9lectriques \u00e0 inertie chauffera \u00e0 la perfection vos salles de bain et couloirs. Disponible avec porte-serviette, couleur et finition au choix.\" \/>\n<meta property=\"og:url\" content=\"https:\/\/www.elkatherm-benelux.eu\/blog\/produits\/radiateurs-verticaux-gamme-sl\/\" \/>\n<meta property=\"og:site_name\" content=\"Elkatherm Benelux\" \/>\n<meta property=\"article:publisher\" content=\"https:\/\/www.facebook.com\/elkathermbe\/\" \/>\n<meta property=\"article:modified_time\" content=\"2025-02-13T15:38:35+00:00\" \/>\n<meta property=\"og:image\" content=\"https:\/\/www.elkatherm-benelux.eu\/blog\/banniere-radiateur-sl\/\" \/>\n<meta name=\"twitter:card\" content=\"summary_large_image\" \/>\n<meta name=\"twitter:label1\" content=\"Dur\u00e9e de lecture estim\u00e9e\" \/>\n\t<meta name=\"twitter:data1\" content=\"2 minutes\" \/>\n<script type=\"application\/ld+json\" class=\"yoast-schema-graph\">{\"@context\":\"https:\/\/schema.org\",\"@graph\":[{\"@type\":\"WebPage\",\"@id\":\"https:\/\/www.elkatherm-benelux.eu\/blog\/produits\/radiateurs-verticaux-gamme-sl\/\",\"url\":\"https:\/\/www.elkatherm-benelux.eu\/blog\/produits\/radiateurs-verticaux-gamme-sl\/\",\"name\":\"Radiateurs verticaux - gamme SL | Elkatherm Benelux\",\"isPartOf\":{\"@id\":\"https:\/\/www.elkatherm-benelux.eu\/blog\/#website\"},\"primaryImageOfPage\":{\"@id\":\"https:\/\/www.elkatherm-benelux.eu\/blog\/produits\/radiateurs-verticaux-gamme-sl\/#primaryimage\"},\"image\":{\"@id\":\"https:\/\/www.elkatherm-benelux.eu\/blog\/produits\/radiateurs-verticaux-gamme-sl\/#primaryimage\"},\"thumbnailUrl\":\"https:\/\/www.elkatherm-benelux.eu\/blog\/banniere-radiateur-sl\/\",\"datePublished\":\"2019-08-22T09:27:37+00:00\",\"dateModified\":\"2025-02-13T15:38:35+00:00\",\"description\":\"La gamme SL (radiateurs \u00e9lectriques verticaux) a \u00e9t\u00e9 sp\u00e9cialement d\u00e9velopp\u00e9e pour l\u2019utilisation dans la salle de bain ou dans les couloirs.D\u00e9couvrez les radiateurs verticaux de la gamme SL d\u2019Elkatherm. Cette gamme de radiateurs \u00e9lectriques \u00e0 inertie chauffera \u00e0 la perfection vos salles de bain et couloirs. Disponible avec porte-serviette, couleur et finition au choix.\",\"breadcrumb\":{\"@id\":\"https:\/\/www.elkatherm-benelux.eu\/blog\/produits\/radiateurs-verticaux-gamme-sl\/#breadcrumb\"},\"inLanguage\":\"fr-FR\",\"potentialAction\":[{\"@type\":\"ReadAction\",\"target\":[\"https:\/\/www.elkatherm-benelux.eu\/blog\/produits\/radiateurs-verticaux-gamme-sl\/\"]}]},{\"@type\":\"ImageObject\",\"inLanguage\":\"fr-FR\",\"@id\":\"https:\/\/www.elkatherm-benelux.eu\/blog\/produits\/radiateurs-verticaux-gamme-sl\/#primaryimage\",\"url\":\"https:\/\/www.elkatherm-benelux.eu\/blog\/banniere-radiateur-sl\/\",\"contentUrl\":\"https:\/\/www.elkatherm-benelux.eu\/blog\/banniere-radiateur-sl\/\"},{\"@type\":\"BreadcrumbList\",\"@id\":\"https:\/\/www.elkatherm-benelux.eu\/blog\/produits\/radiateurs-verticaux-gamme-sl\/#breadcrumb\",\"itemListElement\":[{\"@type\":\"ListItem\",\"position\":1,\"name\":\"Accueil\",\"item\":\"https:\/\/www.elkatherm-benelux.eu\/blog\/\"},{\"@type\":\"ListItem\",\"position\":2,\"name\":\"Produits\",\"item\":\"https:\/\/www.elkatherm-benelux.eu\/blog\/produits\/\"},{\"@type\":\"ListItem\",\"position\":3,\"name\":\"Radiateurs \u00e9lectriques verticaux &#8211; La gamme SL\"}]},{\"@type\":\"WebSite\",\"@id\":\"https:\/\/www.elkatherm-benelux.eu\/blog\/#website\",\"url\":\"https:\/\/www.elkatherm-benelux.eu\/blog\/\",\"name\":\"Elkatherm Benelux\",\"description\":\"Radiateurs &eacute;lectriques &agrave; inertie\",\"publisher\":{\"@id\":\"https:\/\/www.elkatherm-benelux.eu\/blog\/#organization\"},\"potentialAction\":[{\"@type\":\"SearchAction\",\"target\":{\"@type\":\"EntryPoint\",\"urlTemplate\":\"https:\/\/www.elkatherm-benelux.eu\/blog\/?s={search_term_string}\"},\"query-input\":{\"@type\":\"PropertyValueSpecification\",\"valueRequired\":true,\"valueName\":\"search_term_string\"}}],\"inLanguage\":\"fr-FR\"},{\"@type\":\"Organization\",\"@id\":\"https:\/\/www.elkatherm-benelux.eu\/blog\/#organization\",\"name\":\"ELKATHERM Benelux\",\"url\":\"https:\/\/www.elkatherm-benelux.eu\/blog\/\",\"logo\":{\"@type\":\"ImageObject\",\"inLanguage\":\"fr-FR\",\"@id\":\"https:\/\/www.elkatherm-benelux.eu\/blog\/#\/schema\/logo\/image\/\",\"url\":\"https:\/\/www.elkatherm-benelux.be\/wp-content\/uploads\/2021\/05\/ELKATHERM_logo.jpg\",\"contentUrl\":\"https:\/\/www.elkatherm-benelux.be\/wp-content\/uploads\/2021\/05\/ELKATHERM_logo.jpg\",\"width\":577,\"height\":137,\"caption\":\"ELKATHERM Benelux\"},\"image\":{\"@id\":\"https:\/\/www.elkatherm-benelux.eu\/blog\/#\/schema\/logo\/image\/\"},\"sameAs\":[\"https:\/\/www.facebook.com\/elkathermbe\/\",\"https:\/\/www.instagram.com\/elkatherm_benelux\",\"https:\/\/www.youtube.com\/channel\/UCa2fW6rCLETD_B26V02eAlw\"]}]}<\/script>\n<!-- \/ Yoast SEO plugin. -->","yoast_head_json":{"title":"Radiateurs verticaux - gamme SL | Elkatherm Benelux","description":"La gamme SL (radiateurs \u00e9lectriques verticaux) a \u00e9t\u00e9 sp\u00e9cialement d\u00e9velopp\u00e9e pour l\u2019utilisation dans la salle de bain ou dans les couloirs.D\u00e9couvrez les radiateurs verticaux de la gamme SL d\u2019Elkatherm. Cette gamme de radiateurs \u00e9lectriques \u00e0 inertie chauffera \u00e0 la perfection vos salles de bain et couloirs. Disponible avec porte-serviette, couleur et finition au choix.","robots":{"index":"index","follow":"follow","max-snippet":"max-snippet:-1","max-image-preview":"max-image-preview:large","max-video-preview":"max-video-preview:-1"},"canonical":"https:\/\/www.elkatherm-benelux.eu\/blog\/produits\/radiateurs-verticaux-gamme-sl\/","og_locale":"fr_FR","og_type":"article","og_title":"Radiateurs verticaux - gamme SL | Elkatherm Benelux","og_description":"La gamme SL (radiateurs \u00e9lectriques verticaux) a \u00e9t\u00e9 sp\u00e9cialement d\u00e9velopp\u00e9e pour l\u2019utilisation dans la salle de bain ou dans les couloirs.D\u00e9couvrez les radiateurs verticaux de la gamme SL d\u2019Elkatherm. Cette gamme de radiateurs \u00e9lectriques \u00e0 inertie chauffera \u00e0 la perfection vos salles de bain et couloirs. Disponible avec porte-serviette, couleur et finition au choix.","og_url":"https:\/\/www.elkatherm-benelux.eu\/blog\/produits\/radiateurs-verticaux-gamme-sl\/","og_site_name":"Elkatherm Benelux","article_publisher":"https:\/\/www.facebook.com\/elkathermbe\/","article_modified_time":"2025-02-13T15:38:35+00:00","og_image":[{"url":"https:\/\/www.elkatherm-benelux.eu\/blog\/banniere-radiateur-sl\/","type":"","width":"","height":""}],"twitter_card":"summary_large_image","twitter_misc":{"Dur\u00e9e de lecture estim\u00e9e":"2 minutes"},"schema":{"@context":"https:\/\/schema.org","@graph":[{"@type":"WebPage","@id":"https:\/\/www.elkatherm-benelux.eu\/blog\/produits\/radiateurs-verticaux-gamme-sl\/","url":"https:\/\/www.elkatherm-benelux.eu\/blog\/produits\/radiateurs-verticaux-gamme-sl\/","name":"Radiateurs verticaux - gamme SL | Elkatherm Benelux","isPartOf":{"@id":"https:\/\/www.elkatherm-benelux.eu\/blog\/#website"},"primaryImageOfPage":{"@id":"https:\/\/www.elkatherm-benelux.eu\/blog\/produits\/radiateurs-verticaux-gamme-sl\/#primaryimage"},"image":{"@id":"https:\/\/www.elkatherm-benelux.eu\/blog\/produits\/radiateurs-verticaux-gamme-sl\/#primaryimage"},"thumbnailUrl":"https:\/\/www.elkatherm-benelux.eu\/blog\/banniere-radiateur-sl\/","datePublished":"2019-08-22T09:27:37+00:00","dateModified":"2025-02-13T15:38:35+00:00","description":"La gamme SL (radiateurs \u00e9lectriques verticaux) a \u00e9t\u00e9 sp\u00e9cialement d\u00e9velopp\u00e9e pour l\u2019utilisation dans la salle de bain ou dans les couloirs.D\u00e9couvrez les radiateurs verticaux de la gamme SL d\u2019Elkatherm. Cette gamme de radiateurs \u00e9lectriques \u00e0 inertie chauffera \u00e0 la perfection vos salles de bain et couloirs. Disponible avec porte-serviette, couleur et finition au choix.","breadcrumb":{"@id":"https:\/\/www.elkatherm-benelux.eu\/blog\/produits\/radiateurs-verticaux-gamme-sl\/#breadcrumb"},"inLanguage":"fr-FR","potentialAction":[{"@type":"ReadAction","target":["https:\/\/www.elkatherm-benelux.eu\/blog\/produits\/radiateurs-verticaux-gamme-sl\/"]}]},{"@type":"ImageObject","inLanguage":"fr-FR","@id":"https:\/\/www.elkatherm-benelux.eu\/blog\/produits\/radiateurs-verticaux-gamme-sl\/#primaryimage","url":"https:\/\/www.elkatherm-benelux.eu\/blog\/banniere-radiateur-sl\/","contentUrl":"https:\/\/www.elkatherm-benelux.eu\/blog\/banniere-radiateur-sl\/"},{"@type":"BreadcrumbList","@id":"https:\/\/www.elkatherm-benelux.eu\/blog\/produits\/radiateurs-verticaux-gamme-sl\/#breadcrumb","itemListElement":[{"@type":"ListItem","position":1,"name":"Accueil","item":"https:\/\/www.elkatherm-benelux.eu\/blog\/"},{"@type":"ListItem","position":2,"name":"Produits","item":"https:\/\/www.elkatherm-benelux.eu\/blog\/produits\/"},{"@type":"ListItem","position":3,"name":"Radiateurs \u00e9lectriques verticaux &#8211; La gamme SL"}]},{"@type":"WebSite","@id":"https:\/\/www.elkatherm-benelux.eu\/blog\/#website","url":"https:\/\/www.elkatherm-benelux.eu\/blog\/","name":"Elkatherm Benelux","description":"Radiateurs &eacute;lectriques &agrave; inertie","publisher":{"@id":"https:\/\/www.elkatherm-benelux.eu\/blog\/#organization"},"potentialAction":[{"@type":"SearchAction","target":{"@type":"EntryPoint","urlTemplate":"https:\/\/www.elkatherm-benelux.eu\/blog\/?s={search_term_string}"},"query-input":{"@type":"PropertyValueSpecification","valueRequired":true,"valueName":"search_term_string"}}],"inLanguage":"fr-FR"},{"@type":"Organization","@id":"https:\/\/www.elkatherm-benelux.eu\/blog\/#organization","name":"ELKATHERM Benelux","url":"https:\/\/www.elkatherm-benelux.eu\/blog\/","logo":{"@type":"ImageObject","inLanguage":"fr-FR","@id":"https:\/\/www.elkatherm-benelux.eu\/blog\/#\/schema\/logo\/image\/","url":"https:\/\/www.elkatherm-benelux.be\/wp-content\/uploads\/2021\/05\/ELKATHERM_logo.jpg","contentUrl":"https:\/\/www.elkatherm-benelux.be\/wp-content\/uploads\/2021\/05\/ELKATHERM_logo.jpg","width":577,"height":137,"caption":"ELKATHERM Benelux"},"image":{"@id":"https:\/\/www.elkatherm-benelux.eu\/blog\/#\/schema\/logo\/image\/"},"sameAs":["https:\/\/www.facebook.com\/elkathermbe\/","https:\/\/www.instagram.com\/elkatherm_benelux","https:\/\/www.youtube.com\/channel\/UCa2fW6rCLETD_B26V02eAlw"]}]}},"_links":{"self":[{"href":"https:\/\/www.elkatherm-benelux.eu\/blog\/wp-json\/wp\/v2\/pages\/389"}],"collection":[{"href":"https:\/\/www.elkatherm-benelux.eu\/blog\/wp-json\/wp\/v2\/pages"}],"about":[{"href":"https:\/\/www.elkatherm-benelux.eu\/blog\/wp-json\/wp\/v2\/types\/page"}],"author":[{"embeddable":true,"href":"https:\/\/www.elkatherm-benelux.eu\/blog\/wp-json\/wp\/v2\/users\/1"}],"replies":[{"embeddable":true,"href":"https:\/\/www.elkatherm-benelux.eu\/blog\/wp-json\/wp\/v2\/comments?post=389"}],"version-history":[{"count":56,"href":"https:\/\/www.elkatherm-benelux.eu\/blog\/wp-json\/wp\/v2\/pages\/389\/revisions"}],"predecessor-version":[{"id":19652,"href":"https:\/\/www.elkatherm-benelux.eu\/blog\/wp-json\/wp\/v2\/pages\/389\/revisions\/19652"}],"up":[{"embeddable":true,"href":"https:\/\/www.elkatherm-benelux.eu\/blog\/wp-json\/wp\/v2\/pages\/9"}],"wp:attachment":[{"href":"https:\/\/www.elkatherm-benelux.eu\/blog\/wp-json\/wp\/v2\/media?parent=389"}],"curies":[{"name":"wp","href":"https:\/\/api.w.org\/{rel}","templated":true}]}}