{"id":53,"date":"2019-08-07T08:31:58","date_gmt":"2019-08-07T08:31:58","guid":{"rendered":"http:\/\/www.elkatherm-benelux.be\/?page_id=53"},"modified":"2024-10-15T09:57:02","modified_gmt":"2024-10-15T09:57:02","slug":"contactez-nous","status":"publish","type":"page","link":"https:\/\/www.elkatherm-benelux.eu\/blog\/contactez-nous\/","title":{"rendered":"Contactez-nous"},"content":{"rendered":"\r\n<img decoding=\"async\" class=\"product-title-img\" src=\"https:\/\/www.elkatherm-benelux.eu\/blog\/contact-fr\/\" alt=\"Contacteer ons\">\r\n\r\n<h1 class=\"product-h1 display-3 d-none\">Contactez-nous<\/h1>\r\n\r\n\r\n<div class=\"widget-area one_half\">\r\n    <p class=\"display-4\" style=\"font-size: 2em; margin: 30px 0px 30px 0px;\">La philosophie Elkatherm c&rsquo;est:<\/p>\r\n    <div class=\"feature-block\">\r\n        <i class=\"fas fa-brain\"><\/i>\r\n        <p>Une \u00e9quipe d&rsquo;experts pr\u00eate \u00e0 vous r\u00e9pondre dans les 24 \u00e0 48h.<\/p>\r\n    <\/div>\r\n    <div class=\"feature-block\">\r\n        <i class=\"fas fa-paste\"><\/i>\r\n        <p>Des devis gratuits pr\u00e9cis calcul\u00e9s individuellement <br>en fonction de VOS besoins.<\/p>\r\n    <\/div>\r\n    <div class=\"feature-block\">\r\n        <i class=\"fas fa-hands-helping\"><\/i>\r\n        <p>Des services adapt\u00e9s \u00e0 vos demandes.<\/p>\r\n    <\/div>    \r\n<\/div>\r\n<div class=\"widget-area last one_half\">\r\n    <aside class=\"widget widget_text\"><h3 class=\"footer-widget-title\"><span>Formulaire de contact<\/span><\/h3>\t\t\t\r\n        <div class=\"textwidget\">\r\n            <div class=\"contact-form feature-block\">\r\n                <div role=\"form\" class=\"wpcf7\" id=\"wpcf7-f3927-o1\" lang=\"fr-FR\" dir=\"ltr\">\n<div class=\"screen-reader-response\"><p role=\"status\" aria-live=\"polite\" aria-atomic=\"true\"><\/p> <ul><\/ul><\/div>\n<form action=\"\/blog\/wp-json\/wp\/v2\/pages\/53#wpcf7-f3927-o1\" method=\"post\" class=\"wpcf7-form init\" novalidate=\"novalidate\" data-status=\"init\">\n<div style=\"display: none;\">\n<input type=\"hidden\" name=\"_wpcf7\" value=\"3927\" \/>\n<input type=\"hidden\" name=\"_wpcf7_version\" value=\"5.6.4\" \/>\n<input type=\"hidden\" name=\"_wpcf7_locale\" value=\"fr_FR\" \/>\n<input type=\"hidden\" name=\"_wpcf7_unit_tag\" value=\"wpcf7-f3927-o1\" \/>\n<input type=\"hidden\" name=\"_wpcf7_container_post\" value=\"0\" \/>\n<input type=\"hidden\" name=\"_wpcf7_posted_data_hash\" value=\"\" \/>\n<input type=\"hidden\" name=\"_cf7a__timestamp\" value=\"Wonyn2yMzyJOnUV+uZdnKA==\" \/>\n<input type=\"hidden\" name=\"_cf7a_version\" value=\"1.0\" \/>\n<input type=\"hidden\" name=\"_cf7a_address\" value=\"FbcqYB1j7Vus7upOhj6W8g==\" \/>\n<input type=\"hidden\" name=\"_cf7a_referer\" value=\"G7vvd\/YM8tplak66eDKFfA==\" \/>\n<input type=\"hidden\" name=\"_cf7a_protocol\" value=\"Y+tqXXjjLlt4ax5lwKb+lA==\" \/>\n<input type=\"hidden\" name=\"_cf7a_bot_fingerprint\" value=\"Wonyn2yMzyJOnUV+uZdnKA==\" \/>\n<input type=\"hidden\" name=\"_cf7a_bot_fingerprint_extras\" value=\"\" \/>\n<input type=\"hidden\" name=\"_cf7a_append_on_submit\" value=\"\" \/>\n<\/div>\n<style type=\"text\/css\">\n    #radioconfig span {vertical-align: text-bottom;}\n<\/style>\n<div style=\" width:100%; margin:auto;\" id=\"contform\">\n<div style=\"width:100%; overflow: hidden;\">\n<div id=\"checkligne\" style=\"width:48%; float:left;\"><span class=\"wpcf7-form-control-wrap\" data-name=\"radio-599\"><span class=\"wpcf7-form-control wpcf7-radio\" id=\"radioconfig\"><span class=\"wpcf7-list-item first\"><label><span class=\"wpcf7-list-item-label\">Particulier<\/span><input type=\"radio\" name=\"radio-599\" value=\"Particulier\" checked=\"checked\" \/><\/label><\/span><span class=\"wpcf7-list-item last\"><label><span class=\"wpcf7-list-item-label\">Professionnal<\/span><input type=\"radio\" name=\"radio-599\" value=\"Professionnal\" \/><\/label><\/span><\/span><\/span><\/div>\n<div id=\"contactActivity\" class=\"hiddenn\" style=\"width:48%; float:right;\" ><span class=\"wpcf7-form-control-wrap\" data-name=\"text-198\"><input type=\"text\" name=\"address\" value=\"\" autocomplete=\"fill\" class=\"fit-the-fullspace\" aria-hidden=\"true\" tabindex=\"-1\" \/><input type=\"text\" name=\"text-198\" value=\"\" size=\"40\" class=\"wpcf7-form-control wpcf7-text\" aria-invalid=\"false\" placeholder=\"Activit\u00e9\" \/><\/span><\/div>\n<\/div>\n<div style=\"width:100%;\">\n        <span style=\"display: none;\"><span class=\"wpcf7-form-control-wrap\" data-name=\"Raison\"><span class=\"wpcf7-form-control wpcf7-radio\" id=\"raison\"><span class=\"wpcf7-list-item first\"><label><input type=\"radio\" name=\"Raison\" value=\"Demande de renseignements\" checked=\"checked\" \/><span class=\"wpcf7-list-item-label\">Demande de renseignements<\/span><\/label><\/span><span class=\"wpcf7-list-item last\"><label><input type=\"radio\" name=\"Raison\" value=\"Demande d&#039;offre\" \/><span class=\"wpcf7-list-item-label\">Demande d&#039;offre<\/span><\/label><\/span><\/span><\/span><\/span><\/p>\n<div style=\"width:48%; float:left;\"><span class=\"wpcf7-form-control-wrap\" data-name=\"Nom\"><input type=\"text\" name=\"Nom\" value=\"\" size=\"40\" class=\"wpcf7-form-control wpcf7-text wpcf7-validates-as-required\" id=\"nom\" aria-required=\"true\" aria-invalid=\"false\" placeholder=\"Nom*\" \/><input type=\"text\" name=\"phone\" value=\"\" autocomplete=\"fill\" class=\"fit-the-fullspace\" aria-hidden=\"true\" tabindex=\"-1\" \/><\/span><\/div>\n<div style=\"width:48%; float:right;\" ><span class=\"wpcf7-form-control-wrap\" data-name=\"localite\"><input type=\"text\" name=\"localite\" value=\"\" size=\"40\" class=\"wpcf7-form-control wpcf7-text wpcf7-validates-as-required\" id=\"localite\" aria-required=\"true\" aria-invalid=\"false\" placeholder=\"Localit\u00e9*\" \/><\/span><\/div>\n<\/div>\n<div style=\"width:100%;\">\n<div style=\"width:48%; float:left;\"><span class=\"wpcf7-form-control-wrap\" data-name=\"email\"><input type=\"email\" name=\"email\" value=\"\" size=\"40\" class=\"wpcf7-form-control wpcf7-text wpcf7-email wpcf7-validates-as-required wpcf7-validates-as-email\" id=\"email\" aria-required=\"true\" aria-invalid=\"false\" placeholder=\"E-mail*\" \/><\/span><\/div>\n<div id=\"contactphone\" style=\"width:48%; float:right;\" onfocusout=\"phoneformat()\"><span class=\"wpcf7-form-control-wrap\" data-name=\"tel\"><input type=\"tel\" name=\"tel\" value=\"\" size=\"40\" class=\"wpcf7-form-control wpcf7-text wpcf7-tel wpcf7-validates-as-required wpcf7-validates-as-tel\" id=\"tel\" aria-required=\"true\" aria-invalid=\"false\" placeholder=\"N\u00b0 t\u00e9l\u00e9phone*\" \/><\/span><\/div>\n<p>        <script>\n            function phoneformat() {\n                var phoneNumber = document.querySelectorAll(\"#contactphone #tel\")[0].value;\n                if (phoneNumber.search(\" \") == -1){\n                    var tempstring1 = phoneNumber.split(\"\").reverse().join(\"\");\n                    var tempstring2 = tempstring1.substring(0,2) + \" \" + tempstring1.substring(2,4) + \" \" + tempstring1.substring(4,6) + \" \" + tempstring1.substring(6) + \" \"\n                    document.querySelectorAll(\"#contactphone #tel\")[0].value = tempstring2.split(\"\").reverse().join(\"\");\n                }                \t\n            }\n        <\/script>\n    <\/div>\n<div style=\"width:100%;\">\n<div><span class=\"wpcf7-form-control-wrap\" data-name=\"message\"><textarea name=\"message\" cols=\"40\" rows=\"10\" class=\"wpcf7-form-control wpcf7-textarea wpcf7-validates-as-required\" id=\"message\" aria-required=\"true\" aria-invalid=\"false\" placeholder=\"Message*\"><\/textarea><\/span><\/div>\n<\/div>\n<p>    <input type=\"submit\" value=\"Envoyer\" class=\"wpcf7-form-control has-spinner wpcf7-submit\" \/> *Ces champs sont obligatoires.\n<\/p><\/div>\n<div class=\"wpcf7-response-output\" aria-hidden=\"true\"><\/div><\/form><\/div>\r\n            <\/div>\r\n            <script>\r\n                \/* Show\/hide company activity input box in contact form (box is hidden if not a company) *\/\r\n                console.log(\"test1\");\r\n            var radioButtons = document.querySelectorAll(\"div#contform input\");\r\n            var particulier = radioButtons[0];\r\n            var professionnal = radioButtons[1];\r\n            var champNom = document.querySelector(\"input#nom\");\r\n            var contactActivityClassList = document.getElementById(\"contactActivity\").classList;\r\n            particulier.addEventListener(\"click\", function() {\r\n                contactActivityClassList.remove(\"visible\");\r\n                contactActivityClassList.add(\"hiddenn\");\r\n                champNom.setAttribute(\"placeholder\", \"Nom*\");       \r\n              });\r\n            professionnal.addEventListener(\"click\", function() {\r\n                contactActivityClassList.add(\"visible\");\r\n                contactActivityClassList.remove(\"hiddenn\");\r\n                champNom.setAttribute(\"placeholder\", \"Nom de la soci\u00e9t\u00e9*\");           \r\n              });\r\n\r\n              \r\n            jQuery(document).ready(function() {\r\n                console.log(\"test radio toggle\");\r\n                var regex = new RegExp(\"object=offer\")\r\n  \t            if (regex.test(window.location.href)){\r\n                    jQuery('input[type=\"radio\"][name=\"Raison\"]').last().prop('checked', true);\r\n                    jQuery('#message').attr(\"placeholder\", \"Description du projet pour lequel vous souhaitez une offre\");\r\n                    console.log(\"toggle condition ok\");\r\n  \t            }\r\n                \r\n                \r\n            });\r\n            <\/script>\r\n        <\/div>\r\n\t<\/aside>\r\n<\/div>\r\n\r\n<p style=\"display: none;\"><b>Cong\u00e9s d&rsquo;\u00e9t\u00e9 : <\/b> Nous serons ferm\u00e9s du 20 au 28 juillet. Vos demandes envoy\u00e9es durant cette p\u00e9riode seront donc trait\u00e9es \u00e0 partir du 29 juillet. <br>Merci pour votre compr\u00e9hension.<\/p>\r\n\r\n<h3 class=\"footer-widget-title\"><span>ELKATHERM benelux<\/span><\/h3>\r\n<div class=\"textwidget custom-html-widget\">\r\n    <div class=\"contact-info\">\r\n        <div><br>Rue Saint Eloi, 8  \u00e0 4300 Waremme (Belgique)<\/div>\r\n        <div>\r\n            <b>T:<\/b> <a href=\"tel:+3219327304\">+32(0)19 32 73 04<\/a><br>\r\n            <b>F:<\/b> +32(0)19 32 86 51<br>\r\n            <b>@:<\/b> <a href=\"mailto:info@elkatherm.be\">info@elkatherm.be<\/a><br> &nbsp;\r\n        <\/div>\r\n        <div>\r\n            <iframe loading=\"lazy\" src=\"https:\/\/www.google.com\/maps\/embed?pb=!1m18!1m12!1m3!1d2527.2793098056804!2d5.264013051355596!3d50.696201179409535!2m3!1f0!2f0!3f0!3m2!1i1024!2i768!4f13.1!3m3!1m2!1s0x47c104929ad10215%3A0xb3a044c9971db5d8!2sRue+Saint-Eloi+8%2C+4300+Waremme!5e0!3m2!1sfr!2sbe!4v1565085123069!5m2!1sfr!2sbe\" style=\"border:0\" allowfullscreen=\"\" width=\"100%\" height=\"300\" frameborder=\"0\"><\/iframe>\r\n        <\/div>\r\n    <\/div>\r\n<\/div>\r\n\r\n","protected":false},"excerpt":{"rendered":"<p>Contactez-nous La philosophie Elkatherm c&rsquo;est: Une \u00e9quipe d&rsquo;experts pr\u00eate \u00e0 vous r\u00e9pondre dans les 24 \u00e0 48h. Des devis gratuits pr\u00e9cis calcul\u00e9s individuellement en fonction de VOS besoins. Des services adapt\u00e9s \u00e0 vos demandes. Formulaire de contact Cong\u00e9s d&rsquo;\u00e9t\u00e9 : Nous serons ferm\u00e9s du 20 au 28 juillet. Vos demandes envoy\u00e9es durant cette p\u00e9riode seront&#8230;<\/p>\n<p class=\"more-link\"><a href=\"https:\/\/www.elkatherm-benelux.eu\/blog\/contactez-nous\/\"><span>Read More<\/span><i>&#43;<\/i><\/a><\/p>\n","protected":false},"author":1,"featured_media":0,"parent":0,"menu_order":6,"comment_status":"closed","ping_status":"closed","template":"","meta":{"footnotes":""},"yoast_head":"<!-- This site is optimized with the Yoast SEO plugin v24.5 - https:\/\/yoast.com\/wordpress\/plugins\/seo\/ -->\n<title>Contactez-nous - Elkatherm Benelux<\/title>\n<meta name=\"robots\" content=\"noindex, follow\" \/>\n<meta property=\"og:locale\" content=\"fr_FR\" \/>\n<meta property=\"og:type\" content=\"article\" \/>\n<meta property=\"og:title\" content=\"Contactez-nous - Elkatherm Benelux\" \/>\n<meta property=\"og:description\" content=\"Contactez-nous La philosophie Elkatherm c&rsquo;est: Une \u00e9quipe d&rsquo;experts pr\u00eate \u00e0 vous r\u00e9pondre dans les 24 \u00e0 48h. Des devis gratuits pr\u00e9cis calcul\u00e9s individuellement en fonction de VOS besoins. Des services adapt\u00e9s \u00e0 vos demandes. Formulaire de contact Cong\u00e9s d&rsquo;\u00e9t\u00e9 : Nous serons ferm\u00e9s du 20 au 28 juillet. Vos demandes envoy\u00e9es durant cette p\u00e9riode seront&#8230;Read More&#043;\" \/>\n<meta property=\"og:url\" content=\"https:\/\/www.elkatherm-benelux.eu\/blog\/contactez-nous\/\" \/>\n<meta property=\"og:site_name\" content=\"Elkatherm Benelux\" \/>\n<meta property=\"article:publisher\" content=\"https:\/\/www.facebook.com\/elkathermbe\/\" \/>\n<meta property=\"article:modified_time\" content=\"2024-10-15T09:57:02+00:00\" \/>\n<meta property=\"og:image\" content=\"https:\/\/www.elkatherm-benelux.eu\/blog\/contact-fr\/\" \/>\n<meta name=\"twitter:card\" content=\"summary_large_image\" \/>\n<meta name=\"twitter:label1\" content=\"Dur\u00e9e de lecture estim\u00e9e\" \/>\n\t<meta name=\"twitter:data1\" content=\"1 minute\" \/>\n<script type=\"application\/ld+json\" class=\"yoast-schema-graph\">{\"@context\":\"https:\/\/schema.org\",\"@graph\":[{\"@type\":[\"WebPage\",\"ContactPage\"],\"@id\":\"https:\/\/www.elkatherm-benelux.eu\/blog\/contactez-nous\/\",\"url\":\"https:\/\/www.elkatherm-benelux.eu\/blog\/contactez-nous\/\",\"name\":\"Contactez-nous - Elkatherm Benelux\",\"isPartOf\":{\"@id\":\"https:\/\/www.elkatherm-benelux.eu\/blog\/#website\"},\"primaryImageOfPage\":{\"@id\":\"https:\/\/www.elkatherm-benelux.eu\/blog\/contactez-nous\/#primaryimage\"},\"image\":{\"@id\":\"https:\/\/www.elkatherm-benelux.eu\/blog\/contactez-nous\/#primaryimage\"},\"thumbnailUrl\":\"https:\/\/www.elkatherm-benelux.eu\/blog\/contact-fr\/\",\"datePublished\":\"2019-08-07T08:31:58+00:00\",\"dateModified\":\"2024-10-15T09:57:02+00:00\",\"breadcrumb\":{\"@id\":\"https:\/\/www.elkatherm-benelux.eu\/blog\/contactez-nous\/#breadcrumb\"},\"inLanguage\":\"fr-FR\",\"potentialAction\":[{\"@type\":\"ReadAction\",\"target\":[\"https:\/\/www.elkatherm-benelux.eu\/blog\/contactez-nous\/\"]}]},{\"@type\":\"ImageObject\",\"inLanguage\":\"fr-FR\",\"@id\":\"https:\/\/www.elkatherm-benelux.eu\/blog\/contactez-nous\/#primaryimage\",\"url\":\"https:\/\/www.elkatherm-benelux.eu\/blog\/contact-fr\/\",\"contentUrl\":\"https:\/\/www.elkatherm-benelux.eu\/blog\/contact-fr\/\"},{\"@type\":\"BreadcrumbList\",\"@id\":\"https:\/\/www.elkatherm-benelux.eu\/blog\/contactez-nous\/#breadcrumb\",\"itemListElement\":[{\"@type\":\"ListItem\",\"position\":1,\"name\":\"Accueil\",\"item\":\"https:\/\/www.elkatherm-benelux.eu\/blog\/\"},{\"@type\":\"ListItem\",\"position\":2,\"name\":\"Contactez-nous\"}]},{\"@type\":\"WebSite\",\"@id\":\"https:\/\/www.elkatherm-benelux.eu\/blog\/#website\",\"url\":\"https:\/\/www.elkatherm-benelux.eu\/blog\/\",\"name\":\"Elkatherm Benelux\",\"description\":\"Radiateurs &eacute;lectriques &agrave; inertie\",\"publisher\":{\"@id\":\"https:\/\/www.elkatherm-benelux.eu\/blog\/#organization\"},\"potentialAction\":[{\"@type\":\"SearchAction\",\"target\":{\"@type\":\"EntryPoint\",\"urlTemplate\":\"https:\/\/www.elkatherm-benelux.eu\/blog\/?s={search_term_string}\"},\"query-input\":{\"@type\":\"PropertyValueSpecification\",\"valueRequired\":true,\"valueName\":\"search_term_string\"}}],\"inLanguage\":\"fr-FR\"},{\"@type\":\"Organization\",\"@id\":\"https:\/\/www.elkatherm-benelux.eu\/blog\/#organization\",\"name\":\"ELKATHERM Benelux\",\"url\":\"https:\/\/www.elkatherm-benelux.eu\/blog\/\",\"logo\":{\"@type\":\"ImageObject\",\"inLanguage\":\"fr-FR\",\"@id\":\"https:\/\/www.elkatherm-benelux.eu\/blog\/#\/schema\/logo\/image\/\",\"url\":\"https:\/\/www.elkatherm-benelux.be\/wp-content\/uploads\/2021\/05\/ELKATHERM_logo.jpg\",\"contentUrl\":\"https:\/\/www.elkatherm-benelux.be\/wp-content\/uploads\/2021\/05\/ELKATHERM_logo.jpg\",\"width\":577,\"height\":137,\"caption\":\"ELKATHERM Benelux\"},\"image\":{\"@id\":\"https:\/\/www.elkatherm-benelux.eu\/blog\/#\/schema\/logo\/image\/\"},\"sameAs\":[\"https:\/\/www.facebook.com\/elkathermbe\/\",\"https:\/\/www.instagram.com\/elkatherm_benelux\",\"https:\/\/www.youtube.com\/channel\/UCa2fW6rCLETD_B26V02eAlw\"]}]}<\/script>\n<!-- \/ Yoast SEO plugin. -->","yoast_head_json":{"title":"Contactez-nous - Elkatherm Benelux","robots":{"index":"noindex","follow":"follow"},"og_locale":"fr_FR","og_type":"article","og_title":"Contactez-nous - Elkatherm Benelux","og_description":"Contactez-nous La philosophie Elkatherm c&rsquo;est: Une \u00e9quipe d&rsquo;experts pr\u00eate \u00e0 vous r\u00e9pondre dans les 24 \u00e0 48h. Des devis gratuits pr\u00e9cis calcul\u00e9s individuellement en fonction de VOS besoins. Des services adapt\u00e9s \u00e0 vos demandes. Formulaire de contact Cong\u00e9s d&rsquo;\u00e9t\u00e9 : Nous serons ferm\u00e9s du 20 au 28 juillet. Vos demandes envoy\u00e9es durant cette p\u00e9riode seront&#8230;Read More&#43;","og_url":"https:\/\/www.elkatherm-benelux.eu\/blog\/contactez-nous\/","og_site_name":"Elkatherm Benelux","article_publisher":"https:\/\/www.facebook.com\/elkathermbe\/","article_modified_time":"2024-10-15T09:57:02+00:00","og_image":[{"url":"https:\/\/www.elkatherm-benelux.eu\/blog\/contact-fr\/","type":"","width":"","height":""}],"twitter_card":"summary_large_image","twitter_misc":{"Dur\u00e9e de lecture estim\u00e9e":"1 minute"},"schema":{"@context":"https:\/\/schema.org","@graph":[{"@type":["WebPage","ContactPage"],"@id":"https:\/\/www.elkatherm-benelux.eu\/blog\/contactez-nous\/","url":"https:\/\/www.elkatherm-benelux.eu\/blog\/contactez-nous\/","name":"Contactez-nous - Elkatherm Benelux","isPartOf":{"@id":"https:\/\/www.elkatherm-benelux.eu\/blog\/#website"},"primaryImageOfPage":{"@id":"https:\/\/www.elkatherm-benelux.eu\/blog\/contactez-nous\/#primaryimage"},"image":{"@id":"https:\/\/www.elkatherm-benelux.eu\/blog\/contactez-nous\/#primaryimage"},"thumbnailUrl":"https:\/\/www.elkatherm-benelux.eu\/blog\/contact-fr\/","datePublished":"2019-08-07T08:31:58+00:00","dateModified":"2024-10-15T09:57:02+00:00","breadcrumb":{"@id":"https:\/\/www.elkatherm-benelux.eu\/blog\/contactez-nous\/#breadcrumb"},"inLanguage":"fr-FR","potentialAction":[{"@type":"ReadAction","target":["https:\/\/www.elkatherm-benelux.eu\/blog\/contactez-nous\/"]}]},{"@type":"ImageObject","inLanguage":"fr-FR","@id":"https:\/\/www.elkatherm-benelux.eu\/blog\/contactez-nous\/#primaryimage","url":"https:\/\/www.elkatherm-benelux.eu\/blog\/contact-fr\/","contentUrl":"https:\/\/www.elkatherm-benelux.eu\/blog\/contact-fr\/"},{"@type":"BreadcrumbList","@id":"https:\/\/www.elkatherm-benelux.eu\/blog\/contactez-nous\/#breadcrumb","itemListElement":[{"@type":"ListItem","position":1,"name":"Accueil","item":"https:\/\/www.elkatherm-benelux.eu\/blog\/"},{"@type":"ListItem","position":2,"name":"Contactez-nous"}]},{"@type":"WebSite","@id":"https:\/\/www.elkatherm-benelux.eu\/blog\/#website","url":"https:\/\/www.elkatherm-benelux.eu\/blog\/","name":"Elkatherm Benelux","description":"Radiateurs &eacute;lectriques &agrave; inertie","publisher":{"@id":"https:\/\/www.elkatherm-benelux.eu\/blog\/#organization"},"potentialAction":[{"@type":"SearchAction","target":{"@type":"EntryPoint","urlTemplate":"https:\/\/www.elkatherm-benelux.eu\/blog\/?s={search_term_string}"},"query-input":{"@type":"PropertyValueSpecification","valueRequired":true,"valueName":"search_term_string"}}],"inLanguage":"fr-FR"},{"@type":"Organization","@id":"https:\/\/www.elkatherm-benelux.eu\/blog\/#organization","name":"ELKATHERM Benelux","url":"https:\/\/www.elkatherm-benelux.eu\/blog\/","logo":{"@type":"ImageObject","inLanguage":"fr-FR","@id":"https:\/\/www.elkatherm-benelux.eu\/blog\/#\/schema\/logo\/image\/","url":"https:\/\/www.elkatherm-benelux.be\/wp-content\/uploads\/2021\/05\/ELKATHERM_logo.jpg","contentUrl":"https:\/\/www.elkatherm-benelux.be\/wp-content\/uploads\/2021\/05\/ELKATHERM_logo.jpg","width":577,"height":137,"caption":"ELKATHERM Benelux"},"image":{"@id":"https:\/\/www.elkatherm-benelux.eu\/blog\/#\/schema\/logo\/image\/"},"sameAs":["https:\/\/www.facebook.com\/elkathermbe\/","https:\/\/www.instagram.com\/elkatherm_benelux","https:\/\/www.youtube.com\/channel\/UCa2fW6rCLETD_B26V02eAlw"]}]}},"_links":{"self":[{"href":"https:\/\/www.elkatherm-benelux.eu\/blog\/wp-json\/wp\/v2\/pages\/53"}],"collection":[{"href":"https:\/\/www.elkatherm-benelux.eu\/blog\/wp-json\/wp\/v2\/pages"}],"about":[{"href":"https:\/\/www.elkatherm-benelux.eu\/blog\/wp-json\/wp\/v2\/types\/page"}],"author":[{"embeddable":true,"href":"https:\/\/www.elkatherm-benelux.eu\/blog\/wp-json\/wp\/v2\/users\/1"}],"replies":[{"embeddable":true,"href":"https:\/\/www.elkatherm-benelux.eu\/blog\/wp-json\/wp\/v2\/comments?post=53"}],"version-history":[{"count":54,"href":"https:\/\/www.elkatherm-benelux.eu\/blog\/wp-json\/wp\/v2\/pages\/53\/revisions"}],"predecessor-version":[{"id":18321,"href":"https:\/\/www.elkatherm-benelux.eu\/blog\/wp-json\/wp\/v2\/pages\/53\/revisions\/18321"}],"wp:attachment":[{"href":"https:\/\/www.elkatherm-benelux.eu\/blog\/wp-json\/wp\/v2\/media?parent=53"}],"curies":[{"name":"wp","href":"https:\/\/api.w.org\/{rel}","templated":true}]}}